{"id":717,"date":"2021-05-10T15:05:10","date_gmt":"2021-05-10T13:05:10","guid":{"rendered":"https:\/\/nextgeneration.paeria.cat\/web\/?page_id=717"},"modified":"2025-12-03T15:50:13","modified_gmt":"2025-12-03T13:50:13","slug":"licitacions","status":"publish","type":"page","link":"https:\/\/nextgeneration.paeria.cat\/web\/licitacions\/","title":{"rendered":"Licitacions de projectes Next Generation Lleida"},"content":{"rendered":"\t\t<div data-elementor-type=\"wp-page\" data-elementor-id=\"717\" class=\"elementor elementor-717\">\n\t\t\t\t\t\t<section class=\"elementor-section elementor-top-section elementor-element elementor-element-11c8b0c elementor-section-boxed elementor-section-height-default elementor-section-height-default\" data-id=\"11c8b0c\" data-element_type=\"section\" data-e-type=\"section\">\n\t\t\t\t\t\t<div class=\"elementor-container elementor-column-gap-default\">\n\t\t\t\t\t<div class=\"elementor-column elementor-col-100 elementor-top-column elementor-element elementor-element-e9870b9\" data-id=\"e9870b9\" data-element_type=\"column\" data-e-type=\"column\">\n\t\t\t<div class=\"elementor-widget-wrap elementor-element-populated\">\n\t\t\t\t\t\t<div class=\"elementor-element elementor-element-eeff5a2 elementor-widget elementor-widget-text-editor\" data-id=\"eeff5a2\" data-element_type=\"widget\" data-e-type=\"widget\" data-widget_type=\"text-editor.default\">\n\t\t\t\t<div class=\"elementor-widget-container\">\n\t\t\t\t\t\t\t\t\t<p><a href=\"https:\/\/nextgeneration.paeria.cat\/web\/\">Inici <\/a><img decoding=\"async\" src=\"https:\/\/nextgeneration.paeria.cat\/web\/wp-content\/uploads\/2021\/05\/li-color_15.png\" \/> Desc\u00e0rrega de materials <img decoding=\"async\" src=\"https:\/\/nextgeneration.paeria.cat\/web\/wp-content\/uploads\/2021\/05\/li-color_15.png\" \/> Licitacions de projectes Next Generation Lleida<\/p>\t\t\t\t\t\t\t\t<\/div>\n\t\t\t\t<\/div>\n\t\t\t\t\t<\/div>\n\t\t<\/div>\n\t\t\t\t\t<\/div>\n\t\t<\/section>\n\t\t\t\t<section class=\"elementor-section elementor-top-section elementor-element elementor-element-fcdcd44 elementor-section-boxed elementor-section-height-default elementor-section-height-default\" data-id=\"fcdcd44\" data-element_type=\"section\" data-e-type=\"section\">\n\t\t\t\t\t\t<div class=\"elementor-container elementor-column-gap-default\">\n\t\t\t\t\t<div class=\"elementor-column elementor-col-100 elementor-top-column elementor-element elementor-element-77d00f8\" data-id=\"77d00f8\" data-element_type=\"column\" data-e-type=\"column\">\n\t\t\t<div class=\"elementor-widget-wrap elementor-element-populated\">\n\t\t\t\t\t\t<div class=\"elementor-element elementor-element-4935cb6 elementor-widget elementor-widget-heading\" data-id=\"4935cb6\" data-element_type=\"widget\" data-e-type=\"widget\" id=\"p-licitacions\" data-widget_type=\"heading.default\">\n\t\t\t\t<div class=\"elementor-widget-container\">\n\t\t\t\t\t<h2 class=\"elementor-heading-title elementor-size-default\"><a href=\"https:\/\/nextgeneration.paeria.cat\/web\/projectes-concedits-next-generation-lleida\/\">Projectes de La Paeria - Ajuntament de Lleida<\/a><\/h2>\t\t\t\t<\/div>\n\t\t\t\t<\/div>\n\t\t\t\t\t<\/div>\n\t\t<\/div>\n\t\t\t\t\t<\/div>\n\t\t<\/section>\n\t\t\t\t<section class=\"elementor-section elementor-top-section elementor-element elementor-element-857a6c4 elementor-section-boxed elementor-section-height-default elementor-section-height-default\" data-id=\"857a6c4\" data-element_type=\"section\" data-e-type=\"section\">\n\t\t\t\t\t\t<div class=\"elementor-container elementor-column-gap-default\">\n\t\t\t\t\t<div class=\"elementor-column elementor-col-100 elementor-top-column elementor-element elementor-element-c04e3a1\" data-id=\"c04e3a1\" data-element_type=\"column\" data-e-type=\"column\">\n\t\t\t<div class=\"elementor-widget-wrap elementor-element-populated\">\n\t\t\t\t\t\t<div class=\"elementor-element elementor-element-815edfb elementor-widget elementor-widget-accordion\" data-id=\"815edfb\" data-element_type=\"widget\" data-e-type=\"widget\" data-widget_type=\"accordion.default\">\n\t\t\t\t<div class=\"elementor-widget-container\">\n\t\t\t\t\t\t\t<div class=\"elementor-accordion\">\n\t\t\t\t\t\t\t<div class=\"elementor-accordion-item\">\n\t\t\t\t\t<div id=\"elementor-tab-title-1351\" class=\"elementor-tab-title\" data-tab=\"1\" role=\"button\" aria-controls=\"elementor-tab-content-1351\" aria-expanded=\"false\">\n\t\t\t\t\t\t\t\t\t\t\t\t\t<span class=\"elementor-accordion-icon elementor-accordion-icon-left\" aria-hidden=\"true\">\n\t\t\t\t\t\t\t\t\t\t\t\t\t\t\t<span class=\"elementor-accordion-icon-closed\"><i class=\"fas fa-plus\"><\/i><\/span>\n\t\t\t\t\t\t\t\t<span class=\"elementor-accordion-icon-opened\"><i class=\"fas fa-minus\"><\/i><\/span>\n\t\t\t\t\t\t\t\t\t\t\t\t\t\t<\/span>\n\t\t\t\t\t\t\t\t\t\t\t\t<a class=\"elementor-accordion-title\" tabindex=\"0\">Implantaci\u00f3 de Zones de Baixa Emissi\u00f3 (ZBE) i actuacions per a un canvi de model de ciutat a Lleida<\/a>\n\t\t\t\t\t<\/div>\n\t\t\t\t\t<div id=\"elementor-tab-content-1351\" class=\"elementor-tab-content elementor-clearfix\" data-tab=\"1\" role=\"region\" aria-labelledby=\"elementor-tab-title-1351\"><ul><li>Actuaci\u00f3 1:<ul><li><a href=\"https:\/\/contractaciopublica.cat\/ca\/detall-publicacio\/6acea6f8-8400-498d-a33e-ea260492062f\/110298027\" target=\"_blank\" rel=\"noopener\">Contracte mixt de subministrament i serveis de la monitoritzaci\u00f3 i control de Zona de Baixes Emissions a la ciutat de Lleida (EXP.SUB_OBE_2022_0005-NGEU).<\/a><\/li><li><a href=\"https:\/\/contractaciopublica.cat\/ca\/detall-publicacio\/9f86454e-df33-cd5d-a32d-e2d7975b9bba\/102058287\" target=\"_blank\" rel=\"noopener\">Contracte mixt de subministrament, obra i serveis de m\u00e0quines expenedores de tiquets per la Zona Blava a Lleida (EXP.SUB_OBE_2022_0006-NGEU).<\/a><\/li><li><a href=\"https:\/\/contractaciopublica.cat\/ca\/detall-publicacio\/bb791e24-67b2-faae-7bdb-5a64a237bb6a\/112152535\" target=\"_blank\" rel=\"noopener\">Servei d&#8217;assist\u00e8ncia t\u00e8cnica en l&#8217;execuci\u00f3 del &#8220;contracte mixt de subministrament i serveis de la monitoritzaci\u00f3 i control de Zona de Baixes Emissions a la ciutat de Lleida&#8221; (EXP. SER_OBE_2022_0101-NGUE).<\/a><\/li><\/ul><\/li><li>Actuaci\u00f3 2:<ul><li><a href=\"https:\/\/contractaciopublica.cat\/ca\/detall-publicacio\/ffe1e7ed-7bec-d6e7-38f0-776be2ec310f\/109225355\" target=\"_blank\" rel=\"noopener\">Obres del projecte nous eixos de vianants, bicicletes i transport p\u00fablic en els eixos b\u00e0sics dins de l&#8217;actuaci\u00f3 2 projecte d&#8217;implantaci\u00f3 del ZBE i d&#8217;actuacions pel canvi modal a Lleida, en 7 lots (EXP. OBR_OBE_2022_0001-NGEU).<\/a><\/li><\/ul><\/li><li>Actuaci\u00f3 3:<ul><li><a href=\"https:\/\/contractaciopublica.cat\/ca\/detall-publicacio\/a08bae86-d70b-1719-b463-5e0d12017f6c\/110762324\" target=\"_blank\" rel=\"noopener\">Obres del projecte eix de carril bici i vianants d&#8217;acc\u00e9s al pol\u00edgon i escoles dins de l&#8217;Actuaci\u00f3 3 projecte d&#8217;implantaci\u00f3 d&#8217;una zona de baixes emissions i d&#8217;actuacions pel canvi modal a Lleida, en 4 lots (OBR_OBE_2022_0002-NGEU).<\/a><\/li><li><a href=\"https:\/\/contractaciopublica.cat\/ca\/detall-publicacio\/300157735\" target=\"_blank\" rel=\"noopener\">Eixos de carril bici i vianants d&#8217;acc\u00e9s al Pol\u00edgon Industrial El Segre i escoles periurbanes projecte d&#8217;implantaci\u00f3 d&#8217;una ZBE. Actuacions per a un canvi de model de ciutat a Lleida, Escola Espiga, en 2 lots (EXP. OBR_MENP_2024_0001-NGEU).<\/a><\/li><\/ul><\/li><li>Actuaci\u00f3 4:<ul><li><a href=\"https:\/\/contractaciopublica.cat\/ca\/detall-publicacio\/0800b006-2771-269d-aa99-0608d7709190\/110299892\" target=\"_blank\" rel=\"noopener\">Subministrament de 5 autobusos el\u00e8ctrics i 5 punts de rec\u00e0rrega per a autobusos de Lleida, dividit en 2 lots (EXP. SUB_OBE_2022_0007-NGEU).<\/a><\/li><\/ul><\/li><li>Actuaci\u00f3 5:<ul><li><a href=\"https:\/\/contractaciopublica.cat\/ca\/detall-publicacio\/5ba605d6-3698-a9ed-ad49-cd1746cb685b\/110653426\" target=\"_blank\" rel=\"noopener\">Contracte de subministrament per a la transformaci\u00f3 digital del transport p\u00fablic d&#8217;autobusos de Lleida (Exp. SUB_OBE_2022_0008-NGEU).<\/a><\/li><\/ul><\/li><\/ul><\/div>\n\t\t\t\t<\/div>\n\t\t\t\t\t\t\t<div class=\"elementor-accordion-item\">\n\t\t\t\t\t<div id=\"elementor-tab-title-1352\" class=\"elementor-tab-title\" data-tab=\"2\" role=\"button\" aria-controls=\"elementor-tab-content-1352\" aria-expanded=\"false\">\n\t\t\t\t\t\t\t\t\t\t\t\t\t<span class=\"elementor-accordion-icon elementor-accordion-icon-left\" aria-hidden=\"true\">\n\t\t\t\t\t\t\t\t\t\t\t\t\t\t\t<span class=\"elementor-accordion-icon-closed\"><i class=\"fas fa-plus\"><\/i><\/span>\n\t\t\t\t\t\t\t\t<span class=\"elementor-accordion-icon-opened\"><i class=\"fas fa-minus\"><\/i><\/span>\n\t\t\t\t\t\t\t\t\t\t\t\t\t\t<\/span>\n\t\t\t\t\t\t\t\t\t\t\t\t<a class=\"elementor-accordion-title\" tabindex=\"0\">Transformaci\u00f3 sostenible i digital del transport a Lleida<\/a>\n\t\t\t\t\t<\/div>\n\t\t\t\t\t<div id=\"elementor-tab-content-1352\" class=\"elementor-tab-content elementor-clearfix\" data-tab=\"2\" role=\"region\" aria-labelledby=\"elementor-tab-title-1352\"><ul><li><a href=\"http:\/\/contractaciopublica.cat\/ca\/detall-publicacio\/300063739\" target=\"_blank\" rel=\"noopener\">Contracte de subministrament de 3 autobusos el\u00e8ctrics per a Autobusos de Lleida (EXP. SUB_OBE_2023_0008).<\/a><\/li><li><a href=\"https:\/\/contractaciopublica.cat\/ca\/detall-publicacio\/300040525\" target=\"_blank\" rel=\"noopener\">Contracte d&#8217;obra del projecte de l&#8217;\u00e0mbit Av. Alcalde Rovira Roure de l&#8217;Actuaci\u00f3 3 Eixos de carril bici, dintre del projecte de transformaci\u00f3 sostenible i digital del transport a Lleida (EXP. OBR_OBE_2023_0015-NGEU).<\/a><\/li><li><a href=\"https:\/\/contractaciopublica.cat\/ca\/detall-publicacio\/300045710\" target=\"_blank\" rel=\"noopener\">Obres de l&#8217;Actuaci\u00f3 2 &#8211; Camins escolars i eixos de barris Projecte de transformaci\u00f3 sostenible i digital del transport a Lleida, en 3 lots (EXP. OBR_OBE_2023_0014-NGEU).<\/a><\/li><li><a href=\"https:\/\/contractaciopublica.cat\/ca\/detall-publicacio\/58418ab2-d6ae-4e39-81fb-99e98f432e8e\/200136736\" target=\"_blank\" rel=\"noopener\">Obra del projecte de l&#8217;\u00e0mbit Av. Ind\u00fastria del Projecte de transformaci\u00f3 sostenible i digital del transport a Lleida &#8211; Actuaci\u00f3 4 &#8211; Eixos de vianants (EXP. OBR_OBE_2023_0016-NGEU).<\/a><\/li><li><a href=\"https:\/\/contractaciopublica.cat\/ca\/detall-publicacio\/6e7b4755-4e72-4bdc-b39e-20e15a14c170\/300126430\" target=\"_blank\" rel=\"noopener\">Obres de l&#8217;entorn escoles del barri de La Bordeta Avinguda Flix, l&#8217;actuaci\u00f3 2 &#8211; Camins escolars i eixos de barris (EXP. OBR_OBE_2023_0022-NGEU)<\/a>.<\/li><li><a href=\"https:\/\/contractaciopublica.cat\/ca\/detall-publicacio\/24769a38-5f50-4477-bf28-a6b73f89f5fb\/300096352\" target=\"_blank\" rel=\"noopener\">Contracte mixte de subministrament de punts de rec\u00e0rrega per autobuses el\u00e8ctrics de l&#8217;Ajuntament de Lleida i obres per la seva instal\u00b7laci\u00f3, dividit en 2 lots (EXP. SUB_OBE_2024_0101-NGEU)<\/a>.<\/li><li><a href=\"https:\/\/contractaciopublica.cat\/ca\/detall-publicacio\/7bcaeb6a-bf6f-4e74-a2eb-ffbca90b6f69\/300124892\" target=\"_blank\" rel=\"noopener\">Contracte de les obres de l&#8217;actuaci\u00f3 2 &#8211; Camins escolars i eixos de barris, entorn Ciutat Jard\u00ed (EXP. OBR_OBE_2024_0002-NGEU)<\/a>.<\/li><li><a href=\"https:\/\/contractaciopublica.cat\/ca\/detall-publicacio\/300225389\" target=\"_blank\" rel=\"noopener\">Obres del projecte de l&#8217;\u00e0mbit Av. Prat de la Riba entre Carrer Pr\u00edncep de Viana i Carrer Bar\u00f3 de Maials de l&#8217;Actuaci\u00f3 3 Eixos de carril bici, dintre del projecte Transformaci\u00f3 sostenible i digital del transport a Lleida (EXP. OBR_OBE_2024_0006-NGEU)<\/a> &#8211; Deserta<\/li><li><a href=\"https:\/\/contractaciopublica.cat\/ca\/detall-publicacio\/300312803\" target=\"_blank\" rel=\"noopener\">Contracte menor de les obres de la mem\u00f2ria valorada del projecte de Transformaci\u00f3 Sostenible i Digital del Transport a Lleida, Actuaci\u00f3 2, nous eixos de vianants, bicicletes i transport p\u00fablic, \u00e0mbit Av. Alcalde Rovira Roure (EXP. OBR_MENP_2024_0002-NGEU)<\/a>.<\/li><li><a href=\"https:\/\/contractaciopublica.cat\/ca\/detall-publicacio\/f4f45b78-5e0c-4cac-8a3d-c10766a5b40e\/300481975\" target=\"_blank\" rel=\"noopener\">Obres del projecte de transformaci\u00f3 sostenible i digital del transport a Lleida Actuaci\u00f3 2 &#8211; Camins escolars i eixos de barri \u00e0mbit entorn escolar del barri de la Bordeta &#8211; C. Hostal de la Bordeta (EXP. OBR_OBE_2024_0005-NGEU).<\/a><\/li><li><a href=\"https:\/\/contractaciopublica.cat\/ca\/detall-publicacio\/300546445\" target=\"_blank\" rel=\"noopener\">Obra del projecte de l&#8217;\u00e0mbit Avinguda Prat de la Riba entre Carrer Pr\u00edncep de Viana i Carrer Bar\u00f3 de Maials de l&#8217;actuaci\u00f3 3 eixos de carril bici, dintre del projecte Transformaci\u00f3 Sostenible i Digital del Transport a Lleida (EXP. OBR_OBE_2025_0008- NGEU).<\/a><\/li><li><a href=\"https:\/\/contractaciopublica.cat\/ca\/detall-publicacio\/300518809\" target=\"_blank\" rel=\"noopener\">Obres del projecte de transformaci\u00f3 sostenible i digital del transport a Lleida Actuaci\u00f3 2 &#8211; Camins Escolars i eixos de barri \u00e0mit entorn escolar del barri de la Bordeta Carrer Hostal de la Bordeta (EXP. OBR_OBE_2024_0005-NGEU).<\/a><\/li><\/ul><\/div>\n\t\t\t\t<\/div>\n\t\t\t\t\t\t\t<div class=\"elementor-accordion-item\">\n\t\t\t\t\t<div id=\"elementor-tab-title-1353\" class=\"elementor-tab-title\" data-tab=\"3\" role=\"button\" aria-controls=\"elementor-tab-content-1353\" aria-expanded=\"false\">\n\t\t\t\t\t\t\t\t\t\t\t\t\t<span class=\"elementor-accordion-icon elementor-accordion-icon-left\" aria-hidden=\"true\">\n\t\t\t\t\t\t\t\t\t\t\t\t\t\t\t<span class=\"elementor-accordion-icon-closed\"><i class=\"fas fa-plus\"><\/i><\/span>\n\t\t\t\t\t\t\t\t<span class=\"elementor-accordion-icon-opened\"><i class=\"fas fa-minus\"><\/i><\/span>\n\t\t\t\t\t\t\t\t\t\t\t\t\t\t<\/span>\n\t\t\t\t\t\t\t\t\t\t\t\t<a class=\"elementor-accordion-title\" tabindex=\"0\">Transformaci\u00f3 digital en l\u2019administraci\u00f3 local<\/a>\n\t\t\t\t\t<\/div>\n\t\t\t\t\t<div id=\"elementor-tab-content-1353\" class=\"elementor-tab-content elementor-clearfix\" data-tab=\"3\" role=\"region\" aria-labelledby=\"elementor-tab-title-1353\"><ul><li>L\u00ednia 1:<ul><li>Actuacions 1 i 2: <a href=\"https:\/\/contractaciopublica.cat\/ca\/detall-publicacio\/81c8bec6-2877-83e0-bd6b-6670959dc51c\/87893306\" target=\"_blank\" rel=\"noopener\">Serveis necessaris per dur a terme la renovaci\u00f3 integral del web corporatiu de l&#8217;Ajuntament de Lleida (SER_OBE_2021_0031)<\/a><\/li><li>Actuaci\u00f3 3: <a href=\"https:\/\/contractaciopublica.cat\/ca\/detall-publicacio\/1303683f-8da0-d3b4-8d7b-9a2f29a194e7\/71169395\" target=\"_blank\" rel=\"noopener\">Servei de reforma integral de la web de la Regidoria de Participaci\u00f3 Ciutadana i Lluita Contra la Corrupci\u00f3 i per la creaci\u00f3 d&#8217;una plataforma de formaci\u00f3 en l\u00ednia (CONTRACTACIO-EXP.SER_MENI_2020_0019)<\/a><\/li><li>Actuaci\u00f3 4: <a href=\"https:\/\/contractaciopublica.cat\/ca\/detall-publicacio\/70b0e3db-e382-73a2-1497-2ed4f1c6d592\/86513086\" target=\"_blank\" rel=\"noopener\">Subministrament de llic\u00e8ncies d&#8217;una eina de gesti\u00f3 integral d&#8217;Escoles Bressol de l&#8217;Ajuntament de Lleida (SUB_OBE_2021_0004)<\/a><\/li><li>Actuaci\u00f3 5: <a href=\"https:\/\/contractaciopublica.cat\/ca\/detall-publicacio\/839b40e4-393b-392f-50e8-656b66a8e15f\/90255399\" target=\"_blank\" rel=\"noopener\">Subministrament i manteniment d&#8217;una eina per la gesti\u00f3 d&#8217;inscripcions a les activitats d&#8217;estiu (CONTRACTACIO-EXP.SUB_OBEA_2021_0009)<\/a><\/li><li>Actuaci\u00f3 6: <a href=\"https:\/\/contractaciopublica.cat\/ca\/detall-publicacio\/7bb6502f-3fd7-9d67-2829-01c7b0be3a0a\/85955824\" target=\"_blank\" rel=\"noopener\">Serveis de posada en marxa i subministrament de la subscripci\u00f3 al &#8220;Portal Convoca&#8221; per a la gesti\u00f3 de processos selectius de l&#8217;Ajuntament de Lleida (EXP. SER_NSP_2021_0004)<\/a><\/li><li>Actuaci\u00f3 8: <a href=\"https:\/\/contractaciopublica.cat\/ca\/detall-publicacio\/38efe365-e18e-98f7-b468-66ac603a52b4\/77651684\" target=\"_blank\" rel=\"noopener\">Servei de creaci\u00f3 i posada en marxa d&#8217;un xatbot a l&#8217;Ajuntament de Lleida (EXP. SER_NSP_2021_0002)<\/a><\/li><li>Actuaci\u00f3 9: <a href=\"https:\/\/contractaciopublica.cat\/ca\/detall-publicacio\/73f8fe04-09d5-9552-bf53-8c59a979d8f6\/89812968\" target=\"_blank\" rel=\"noopener\">Servei d&#8217;assist\u00e8ncia telef\u00f2nica a la tramitaci\u00f3 electr\u00f2nica (EXP.SER_OBEA_2021_0017-CONTRACTACI\u00d3)<\/a><\/li><\/ul><\/li><li>L\u00ednia 2:<ul><li>Actuaci\u00f3 1:<ul><li><a href=\"https:\/\/contractaciopublica.cat\/ca\/detall-publicacio\/d3905b8f-cb96-afdd-6858-da2954015379\/105510380\" target=\"_blank\" rel=\"noopener\">Contracte mixt de subministrament (adquisici\u00f3) i serveis del m\u00f2dul de mobilitat SIT-Sanciona d&#8217;imposici\u00f3 de sancions de tr\u00e0nsit i la posterior integraci\u00f3 a SIT-GTT (SUB_NSP_2022_0001-NGEU)<\/a><\/li><li><a href=\"https:\/\/contractaciopublica.cat\/ca\/detall-publicacio\/a87d4493-96e2-8856-ede8-24e63bb5c39a\/105670839\" target=\"_blank\" rel=\"noopener\">Subministrament de les impressores compatibles amb l&#8217;aplicaci\u00f3 SIT-Sanciona per a la gesti\u00f3 de les sancions de tr\u00e0nsit (EXP. SUB_OBEA_2022_0100- NGEU)<\/a><\/li><li><a href=\"https:\/\/contractaciopublica.cat\/ca\/detall-publicacio\/f6ec85f4-929c-f764-3515-cdec1cefd43e\/88163828\" target=\"_blank\" rel=\"noopener\">Subministrament de dispositius m\u00f2bils per a la Gu\u00e0rdia Urbana (exp. SUB_MENP_2021_0014)<\/a><\/li><\/ul><\/li><li>Actuaci\u00f3 2:<ul><li><a href=\"https:\/\/contractaciopublica.cat\/ca\/detall-publicacio\/ba03504f-111b-b8c9-9494-422463a298e0\/109068820\" target=\"_blank\" rel=\"noopener\">Subministrament de tauletes rugueritzades per a llocs de treball en itiner\u00e0ncia (SUB_MENP_2022_0100-NGEU-CONTRACTACIO)<\/a><\/li><li><a href=\"https:\/\/contractaciopublica.cat\/ca\/detall-publicacio\/88884579-a08a-0598-43ac-d89da5f86f5e\/90173518\" target=\"_blank\" rel=\"noopener\">Subministrament i manteniment d&#8217;una eina per la gesti\u00f3 dels mercats municipals (exp. SUB_OBEA_2021_0010)<\/a><\/li><\/ul><\/li><li>Actuaci\u00f3 4:<ul><li><a href=\"https:\/\/contractaciopublica.cat\/ca\/detall-publicacio\/13143895-6f6e-967e-2f77-60177bbd925f\/70963356\" target=\"_blank\" rel=\"noopener\">Subministrament d&#8217;un sistema de lectura i reconeixement autom\u00e0tic de matr\u00edcules embarcat en vehicle policial (exp. SUB_OBEA_2020_0006)<\/a><\/li><\/ul><\/li><li>Actuaci\u00f3 5:<ul><li><a href=\"https:\/\/contractaciopublica.cat\/ca\/detall-publicacio\/7b67d409-3ed0-9148-24be-cea951616dfc\/71159502\" target=\"_blank\" rel=\"noopener\">Servei de desenvolupament del m\u00f2dul de control intern per a la plataforma de gesti\u00f3 d&#8217;expedients corporativa, la integraci\u00f3 amb el programari de comptabilitat i la seva adaptaci\u00f3 i implantaci\u00f3 (EXP. SER_NSP_2020_0008-)<\/a><\/li><\/ul><\/li><\/ul><\/li><li>L\u00ednia 5:<ul><li><a href=\"https:\/\/contractaciopublica.cat\/ca\/detall-publicacio\/42ec891b-5258-12c3-48b1-cec9ac2577a0\/89737829\" target=\"_blank\" rel=\"noopener\">Subministrament d&#8217;una llic\u00e8ncia anual de programari Nessus Professional (EXP.SUB_MENP_2021_0015-CONTRACTACI\u00d3)<\/a><\/li><li><a href=\"https:\/\/contractaciopublica.cat\/ca\/detall-publicacio\/90961f71-5490-f170-f652-2ce4db7552a3\/109066229\" target=\"_blank\" rel=\"noopener\">Subministrament d&#8217;una llic\u00e8ncia anual de programari Nessus Professional (renovaci\u00f3) (SUB_MENP_2022_0101-NGEU)<\/a><\/li><li><a href=\"https:\/\/contractaciopublica.cat\/ca\/detall-publicacio\/bb2d9a1f-8f0a-245f-25c7-f99a1fd3db97\/105448718\" target=\"_blank\" rel=\"noopener\">Servei i subministrament d&#8217;implantaci\u00f3 de l&#8217;eina CCN-CERT &#8220;NGSIEM MONICA&#8221; (EXP. SER_OBE_2022_0100-NGEU)<\/a><\/li><\/ul><\/li><\/ul><\/div>\n\t\t\t\t<\/div>\n\t\t\t\t\t\t\t<div class=\"elementor-accordion-item\">\n\t\t\t\t\t<div id=\"elementor-tab-title-1354\" class=\"elementor-tab-title\" data-tab=\"4\" role=\"button\" aria-controls=\"elementor-tab-content-1354\" aria-expanded=\"false\">\n\t\t\t\t\t\t\t\t\t\t\t\t\t<span class=\"elementor-accordion-icon elementor-accordion-icon-left\" aria-hidden=\"true\">\n\t\t\t\t\t\t\t\t\t\t\t\t\t\t\t<span class=\"elementor-accordion-icon-closed\"><i class=\"fas fa-plus\"><\/i><\/span>\n\t\t\t\t\t\t\t\t<span class=\"elementor-accordion-icon-opened\"><i class=\"fas fa-minus\"><\/i><\/span>\n\t\t\t\t\t\t\t\t\t\t\t\t\t\t<\/span>\n\t\t\t\t\t\t\t\t\t\t\t\t<a class=\"elementor-accordion-title\" tabindex=\"0\">6 actuacions per al foment de la recollida selectiva dels residus municipals, dels anys 2021 a 2024<\/a>\n\t\t\t\t\t<\/div>\n\t\t\t\t\t<div id=\"elementor-tab-content-1354\" class=\"elementor-tab-content elementor-clearfix\" data-tab=\"4\" role=\"region\" aria-labelledby=\"elementor-tab-title-1354\"><ul><li>Actuaci\u00f3 1: ja est\u00e0 feta al 2021 a trav\u00e9s del contracte ILNET.<\/li><li>Actuaci\u00f3 2: <a href=\"https:\/\/contractaciopublica.cat\/ca\/detall-publicacio\/a30845be-6c62-0309-2455-02ad6eb6f21f\/113980604\" target=\"_blank\" rel=\"noopener\">Servei de seguiment de la recollida de residus amb model Porta a Porta (EXP. SER_OBE_2022_0102-NGEU).<\/a><\/li><li>Actuacions 3, 4 i 5: <a href=\"https:\/\/contractaciopublica.cat\/ca\/detall-publicacio\/300088583\" target=\"_blank\" rel=\"noopener\">Contracte mixte de serveis de campanyes divulgatives per al foment de la recollida selectiva de l&#8217;oli de cuina usat, dels t\u00e8xtils usats i per la implantaci\u00f3 i millora del compostatge individual i comunitari i subministrament dels corresponents contenidors, dividit en lots. (SER_OBE_2023_0105-NGEU).<\/a><br \/>CONTRACTE MENOR: <a href=\"https:\/\/contractaciopublica.cat\/ca\/detall-publicacio\/300300640\" target=\"_blank\" rel=\"noopener\">Subministrament de 3 contenidor per la recollida selectiva de t\u00e8xtil usat (EXP. SUB_MENP_2024_0101-NGEU)<\/a>.<\/li><li><a href=\"https:\/\/contractaciopublica.cat\/en\/detall-publicacio\/300300640\" target=\"_blank\" rel=\"noopener\">Subministrament de 3 contenidors per la recollida selectiva de t\u00e8xtil usat (EXP. SUB_MENP_2024_0101-NGEU).<\/a><\/li><li>Actuaci\u00f3 6: <a href=\"https:\/\/contractaciopublica.cat\/ca\/detall-publicacio\/300013724\" target=\"_blank\" rel=\"noopener\">Contracte menor, dividit en dos lots, de prestaci\u00f3 del subministrament d&#8217;un compostador comunitari i d&#8217;una biotrituradora el\u00e8ctrica (EXP. SUB_MENP_2023_0101-NGEU).<\/a><\/li><\/ul><\/div>\n\t\t\t\t<\/div>\n\t\t\t\t\t\t\t<div class=\"elementor-accordion-item\">\n\t\t\t\t\t<div id=\"elementor-tab-title-1355\" class=\"elementor-tab-title\" data-tab=\"5\" role=\"button\" aria-controls=\"elementor-tab-content-1355\" aria-expanded=\"false\">\n\t\t\t\t\t\t\t\t\t\t\t\t\t<span class=\"elementor-accordion-icon elementor-accordion-icon-left\" aria-hidden=\"true\">\n\t\t\t\t\t\t\t\t\t\t\t\t\t\t\t<span class=\"elementor-accordion-icon-closed\"><i class=\"fas fa-plus\"><\/i><\/span>\n\t\t\t\t\t\t\t\t<span class=\"elementor-accordion-icon-opened\"><i class=\"fas fa-minus\"><\/i><\/span>\n\t\t\t\t\t\t\t\t\t\t\t\t\t\t<\/span>\n\t\t\t\t\t\t\t\t\t\t\t\t<a class=\"elementor-accordion-title\" tabindex=\"0\">Adaptaci\u00f3 al canvi clim\u00e0tic i millora de la biodiversitat urbana a Lleida \u2013 URBAN-NAT Lleida<\/a>\n\t\t\t\t\t<\/div>\n\t\t\t\t\t<div id=\"elementor-tab-content-1355\" class=\"elementor-tab-content elementor-clearfix\" data-tab=\"5\" role=\"region\" aria-labelledby=\"elementor-tab-title-1355\"><ul><li><a href=\"https:\/\/contractaciopublica.cat\/ca\/detall-publicacio\/1c37160f-7665-4ac2-a1e2-36122acb40ea\/200112036\" target=\"_blank\" rel=\"noopener\">Contracte de les obres del projecte executiu per a la millora ambiental del Parc Territorial de les Basses, amb el suport de la Fundaci\u00f3n Biodiversidad (EXP. OBR_OBE_2023_0012-NGEU).<\/a><\/li><li><a href=\"https:\/\/contractaciopublica.cat\/ca\/detall-publicacio\/300026483\" target=\"_blank\" rel=\"noopener\">Mixte de subministrament, serveis i obra: adquisici\u00f3 i plantaci\u00f3 arbrat de reposici\u00f3 d&#8217;escocells buits en senders urbans arbrats amb el suport de la Fundaci\u00f3n Biodiversidad (EXP. SUB_OBEA_2023_0103-NGEU).<\/a><\/li><li><a href=\"https:\/\/contractaciopublica.cat\/ca\/detall-publicacio\/300010180\" target=\"_blank\" rel=\"noopener\">Contracte de subministrament d&#8217;adequaci\u00f3 de l&#8217;acc\u00e9s i la connexi\u00f3 al Parc de la Mitjana, plantacions, convocada per la Fundaci\u00f3n Biodiversidad (EXP. SUB_MENP_2023_0100-NGEU).<\/a><\/li><li><a href=\"https:\/\/contractaciopublica.cat\/ca\/detall-publicacio\/300007869\" target=\"_blank\" rel=\"noopener\">Contracte de servei de realitzaci\u00f3 d&#8217;un estudi de l&#8217;estat i el seguiment de la biodiversitat del municipi de Lleida (EXP. SER_OBE_2023_0111-NGEU).<\/a><\/li><li><a href=\"https:\/\/contractaciopublica.cat\/ca\/detall-publicacio\/300005729\" target=\"_blank\" rel=\"noopener\">Contracte d&#8217;obra projecte executiu per a la millora ambiental del Tur\u00f3 de la Seu Vella, amb el suport de la Fundaci\u00f3n Biodiversidad (EXP. OBR_OBE_2023_0004-NGEU).<\/a><\/li><li><a href=\"https:\/\/contractaciopublica.cat\/ca\/detall-publicacio\/300048341\" target=\"_blank\" rel=\"noopener\">SER_MEND\/2023\/00102-NGEU: Servei de coordinaci\u00f3 de seguretat i salut en fase d&#8217;execuci\u00f3 del projecte executiu per a la millora ambiental del Parc Territorial de les Basses, amb el suport de la Fundaci\u00f3n Biodiversidad, en el marc del PRTR amb Fons NGEU.<\/a><br \/><a href=\"https:\/\/contractaciopublica.cat\/ca\/detall-publicacio\/300048341\" target=\"_blank\" rel=\"noopener\">Publicacions agregades contracte menors 4t trimestre 2023 (MEN_AGR_2023_0004).<\/a><\/li><li><a href=\"https:\/\/contractaciopublica.cat\/ca\/detall-publicacio\/300048341\" target=\"_blank\" rel=\"noopener\">SER_MEND\/2023\/00103-NGEU_Servei de coordinaci\u00f3 de seguretat i salut en fase d&#8217;execuci\u00f3 del projecte executiu per a la millora ambiental del Tur\u00f3 de la Seu Vella, amb el suport de la Fundaci\u00f3n Biodiversidad, en el marc del PRTR amb Fons NGEU.<\/a><br \/><a href=\"https:\/\/contractaciopublica.cat\/ca\/detall-publicacio\/300048341\" target=\"_blank\" rel=\"noopener\">Publicacions agregades contractes menors 4t trimestre 2023 (MEN_AGR_2023_0004).<\/a><\/li><li><a href=\"https:\/\/contractaciopublica.cat\/ca\/detall-publicacio\/300081428\" target=\"_blank\" rel=\"noopener\">Contracte de serveis de realitzaci\u00f3 d&#8217;enquestes de valoraci\u00f3 de les actuacions i recomptes d&#8217;usuaris als espais renaturalitzats dins del projecte URBAN-NAT Lleida, amb el suport de la Fundaci\u00f3n Biodiversidad, en el marc del PRTR, finan\u00e7at per la UE amb els fons #NextGenerationEU (EXP. SER_OBEA_2024_0102-NGEU)<\/a><\/li><li><a href=\"https:\/\/contractaciopublica.cat\/ca\/detall-publicacio\/acc8d616-186b-4c6f-8153-c29248a64ed5\/200129809\" target=\"_blank\" rel=\"noopener\">Mixte de subministrament, serveis i obra: adquisici\u00f3 i plantaci\u00f3 arbrat de reposici\u00f3 d&#8217;escocells buits en senders urbans arbrats amb el suport de la Fundaci\u00f3n Biodiversidad, en el marc del PRTR finan\u00e7at per la UE amb els Fons #NextGenerationEU (EXP. SUB_OBEA_2023_0103-NGEU)<\/a><\/li><li><a href=\"https:\/\/contractaciopublica.cat\/ca\/detall-publicacio\/6fe39b3a-db72-41cd-84f7-f63456ae442f\/200152504\" target=\"_blank\" rel=\"noopener\">Servei d&#8217;actuacions per a l&#8217;eliminaci\u00f3de vis\u00f3 americ\u00e0 als trams associats al riu Segre a Lleida amb el suport de la Fundaci\u00f3n Biodiversidad, en el marc del PRTR, finan\u00e7ats per la UE amb els FNGEU (EXP. SER_OBEA_2023_0100-NGEU)<\/a><\/li><li><a href=\"https:\/\/contractaciopublica.cat\/ca\/detall-publicacio\/62137d47-fc6f-4472-a157-13c8a1809a02\/300100511\" target=\"_blank\" rel=\"noopener\">Obra del projecte executiu de Renaturalitzaci\u00f3 del Carrer Riu Ebre, amb el suport de la Fundaci\u00f3 Biodiversitat (EXP. OBR_OBE_2023_0003-NGEU)<\/a>.<\/li><li><a href=\"https:\/\/contractaciopublica.cat\/ca\/detall-publicacio\/3acf2d67-8e8d-41e1-9cd0-e8439798faca\/300182283\" target=\"_blank\" rel=\"noopener\">Projecte executiu de Renaturalitzaci\u00f3 del Carrer Dr. Fleming amb el suport de la Fundaci\u00f3n Biodiversidad (EXP. OBR_OBE_2024_0001-NGEU)<\/a>.<\/li><li><a href=\"https:\/\/contractaciopublica.cat\/ca\/detall-publicacio\/e8032492-e100-4ba7-9291-0d9940b74943\/300254103\" target=\"_blank\" rel=\"noopener\">Contracte mixt de subministrament, serveis i obra: adquisici\u00f3 i plantaci\u00f3 d&#8217;arbrat de reposici\u00f3 d&#8217;escocells buits en senders urbans arbrats &#8211; Fase 2 amb el suport de la Fundaci\u00f3n Biodiversidad (EXP. SUB_OBE_2024_0104-NGEU).<\/a><\/li><li><a href=\"https:\/\/contractaciopublica.cat\/ca\/detall-publicacio\/300287695\" target=\"_blank\" rel=\"noopener\">Contracte mixt de serveis, subministrament i obra: adequaci\u00f3 ambiental i renaturalitzaci\u00f3 del Cam\u00ed XN 2000 amb el suport de la Fundaci\u00f3n Diversidad (EXP. SER_OBE_2024_0107-NGEU).<\/a><\/li><li><a href=\"https:\/\/contractaciopublica.cat\/ca\/detall-publicacio\/300319829\" target=\"_blank\" rel=\"noopener\">Contracte mixt de subministrament, serveis i obra de creaci\u00f3 d&#8217;oasis de biodiversitat als patis escolars, amb el suport de la Fundaci\u00f3n Biodiversidad, dividit en 3 lots (EXP. SUB_OBE_2024_0105-NGEU).<\/a><\/li><li><a href=\"https:\/\/contractaciopublica.cat\/ca\/detall-publicacio\/300469641\" target=\"_blank\" rel=\"noopener\">Contracte mixt de subministraments, serveis i obra per a la creaci\u00f3 de racons de biodiversitat en els patis escolars amb el suport de la Fundaci\u00f3n Biodiversidad (SUB_MENP_2025_0101-NGEU).<\/a><\/li><li><a href=\"https:\/\/contractaciopublica.cat\/ca\/detall-publicacio\/300459564\" target=\"_blank\" rel=\"noopener\">Contracte mixt de serveis i subministrament de renaturalitzaci\u00f3 de basses i col\u00b7locaci\u00f3 d&#8217;elements de biodiversitat a Lleida, amb el suport de la Fundaci\u00f3n Biodiversidad, dividit en 2 lots (EXP. SER_OBEA_2025_0101-NGEU).<\/a><\/li><li><a href=\"https:\/\/contractaciopublica.cat\/ca\/detall-publicacio\/4ae0dd73-3c16-4d81-9a30-369415efa08e\/300522701\" target=\"_blank\" rel=\"noopener\">Contracte de Servei per al disseny, gestor de continguts i manteniment de la web Lleida Natura, amb el suport de la fundaci\u00f3n biodiversidad, en el marc del PRTR finan\u00e7ats per la UE amb FNGEU (SER_OBEA_2025_0102-NGEU)<\/a>.<\/li><li><a href=\"https:\/\/contractaciopublica.cat\/ca\/detall-publicacio\/300521791\" target=\"_blank\" rel=\"noopener\">Contracte mixt de serveis i subministrament de renaturalitzaci\u00f3 de basses i col\u00b7locaci\u00f3 d&#8217;elements de biodiversitat a Lleida, amb el suport de la Fundaci\u00f3n de Biodiversidad, dividit en 2 lots (EXP. SER_OBEA_2025_0101-NGEU).<\/a><\/li><li><a href=\"https:\/\/contractaciopublica.cat\/ca\/detall-publicacio\/300513479\" target=\"_blank\" rel=\"noopener\">Contracte mixt de subministrament de caixes refugi de fauna per la Xarxa Balcons Verds de Lleida i servei de realitzaci\u00f3 de tallers divulgatius de fauna pels balcons de Lleida, amb el suport de la Fundaci\u00f3n de Biodiversidad (SUB_MENP_2025_0102-NGEU).<\/a><\/li><li><a href=\"https:\/\/contractaciopublica.cat\/ca\/detall-publicacio\/300545418\" target=\"_blank\" rel=\"noopener\">Contracte mixt de subministrament, serveis i obra de plantaci\u00f3 d&#8217;arbrat en trams de sendes urbanes d&#8217;arbrat esc\u00e0s, amb el suport de la Fundaci\u00f3n de Biodiversidad (SUB_OBE_2025_0102-NGEU).<\/a><\/li><li><a href=\"https:\/\/contractaciopublica.cat\/ca\/detall-publicacio\/300575421\" target=\"_blank\" rel=\"noopener\">Contracte mixt de subministrament i servei d&#8217;adequaci\u00f3 de praderes de pol\u00b7linitzadors, amb el suport de la Fundaci\u00f3n Biodiversidad, en el marc del PRTR Finan\u00e7at per la UE amb els FNGEU (EXP.SUB_OBE_2025_0105-NGEU).<\/a><\/li><li><a href=\"https:\/\/contractaciopublica.cat\/ca\/detall-publicacio\/300570462\" target=\"_blank\" rel=\"noopener\">Contracte mixt de subministrament i servei de plantaci\u00f3, reposici\u00f3 i renaturalitzaci\u00f3 de l&#8217;arbrat viari, dividit en 2 lots, amb el suport de la Fundaci\u00f3n Biodiversidad (SUB_OBE_2025_0104-NGEU).<\/a><\/li><\/ul><\/div>\n\t\t\t\t<\/div>\n\t\t\t\t\t\t\t<div class=\"elementor-accordion-item\">\n\t\t\t\t\t<div id=\"elementor-tab-title-1356\" class=\"elementor-tab-title\" data-tab=\"6\" role=\"button\" aria-controls=\"elementor-tab-content-1356\" aria-expanded=\"false\">\n\t\t\t\t\t\t\t\t\t\t\t\t\t<span class=\"elementor-accordion-icon elementor-accordion-icon-left\" aria-hidden=\"true\">\n\t\t\t\t\t\t\t\t\t\t\t\t\t\t\t<span class=\"elementor-accordion-icon-closed\"><i class=\"fas fa-plus\"><\/i><\/span>\n\t\t\t\t\t\t\t\t<span class=\"elementor-accordion-icon-opened\"><i class=\"fas fa-minus\"><\/i><\/span>\n\t\t\t\t\t\t\t\t\t\t\t\t\t\t<\/span>\n\t\t\t\t\t\t\t\t\t\t\t\t<a class=\"elementor-accordion-title\" tabindex=\"0\">Modernitzaci\u00f3 i digitalitzaci\u00f3 de les infraestructures i prestacions escenicomusicals de l\u2019Auditori Municipal Enric Granados i del Teatre Municipal de l\u2019Escorxador<\/a>\n\t\t\t\t\t<\/div>\n\t\t\t\t\t<div id=\"elementor-tab-content-1356\" class=\"elementor-tab-content elementor-clearfix\" data-tab=\"6\" role=\"region\" aria-labelledby=\"elementor-tab-title-1356\"><ul><li><a href=\"https:\/\/contractaciopublica.cat\/ca\/detall-publicacio\/f0b87b28-ab25-39cd-2eb6-aafb213f534c\/113637911\" target=\"_blank\" rel=\"noopener\">Mixte de subministrament i serveis per a la modernitzaci\u00f3 i digitalitzaci\u00f3 de les infraestructures i prestacions esc\u00e8nico-musicals de l&#8217;Auditori Municipal Enric Granados i del Teatre Municipal de l&#8217;Escorxador (SUB_OBE_2022_0010-NGEU)<\/a><\/li><\/ul><\/div>\n\t\t\t\t<\/div>\n\t\t\t\t\t\t\t<div class=\"elementor-accordion-item\">\n\t\t\t\t\t<div id=\"elementor-tab-title-1357\" class=\"elementor-tab-title\" data-tab=\"7\" role=\"button\" aria-controls=\"elementor-tab-content-1357\" aria-expanded=\"false\">\n\t\t\t\t\t\t\t\t\t\t\t\t\t<span class=\"elementor-accordion-icon elementor-accordion-icon-left\" aria-hidden=\"true\">\n\t\t\t\t\t\t\t\t\t\t\t\t\t\t\t<span class=\"elementor-accordion-icon-closed\"><i class=\"fas fa-plus\"><\/i><\/span>\n\t\t\t\t\t\t\t\t<span class=\"elementor-accordion-icon-opened\"><i class=\"fas fa-minus\"><\/i><\/span>\n\t\t\t\t\t\t\t\t\t\t\t\t\t\t<\/span>\n\t\t\t\t\t\t\t\t\t\t\t\t<a class=\"elementor-accordion-title\" tabindex=\"0\">Renovaci\u00f3 del fons de la nova sala infantil de la Biblioteca municipal de Pardinyes<\/a>\n\t\t\t\t\t<\/div>\n\t\t\t\t\t<div id=\"elementor-tab-content-1357\" class=\"elementor-tab-content elementor-clearfix\" data-tab=\"7\" role=\"region\" aria-labelledby=\"elementor-tab-title-1357\"><ul><li><a href=\"https:\/\/contractaciopublica.cat\/ca\/detall-publicacio\/dc42fb9a-897a-cff1-9b99-8ab5e184be14\/109716126\" target=\"_blank\" rel=\"noopener\">Subministrament de llibres destinats a la Biblioteca Municipal de Pardinyes (SUB_MENP_2022_0102-NGEU)<\/a><\/li><\/ul><\/div>\n\t\t\t\t<\/div>\n\t\t\t\t\t\t\t<div class=\"elementor-accordion-item\">\n\t\t\t\t\t<div id=\"elementor-tab-title-1358\" class=\"elementor-tab-title\" data-tab=\"8\" role=\"button\" aria-controls=\"elementor-tab-content-1358\" aria-expanded=\"false\">\n\t\t\t\t\t\t\t\t\t\t\t\t\t<span class=\"elementor-accordion-icon elementor-accordion-icon-left\" aria-hidden=\"true\">\n\t\t\t\t\t\t\t\t\t\t\t\t\t\t\t<span class=\"elementor-accordion-icon-closed\"><i class=\"fas fa-plus\"><\/i><\/span>\n\t\t\t\t\t\t\t\t<span class=\"elementor-accordion-icon-opened\"><i class=\"fas fa-minus\"><\/i><\/span>\n\t\t\t\t\t\t\t\t\t\t\t\t\t\t<\/span>\n\t\t\t\t\t\t\t\t\t\t\t\t<a class=\"elementor-accordion-title\" tabindex=\"0\">Rutes saludables i equipaments esportius a l\u2019aire lliure a la zona 09 (Mariola) de Lleida<\/a>\n\t\t\t\t\t<\/div>\n\t\t\t\t\t<div id=\"elementor-tab-content-1358\" class=\"elementor-tab-content elementor-clearfix\" data-tab=\"8\" role=\"region\" aria-labelledby=\"elementor-tab-title-1358\"><ul><li><a href=\"https:\/\/tauler.seu.cat\/pagDetall.do?idEdicte=399252&amp;idens=2512070005\" target=\"_blank\" rel=\"noopener\">Edicte exposici\u00f3 Projecte Rutes Saludables i Equipaments Esportius a l&#8217;aire lliure a la Zona 09 (Mariola) de Lleida<\/a><\/li><\/ul><\/div>\n\t\t\t\t<\/div>\n\t\t\t\t\t\t\t<div class=\"elementor-accordion-item\">\n\t\t\t\t\t<div id=\"elementor-tab-title-1359\" class=\"elementor-tab-title\" data-tab=\"9\" role=\"button\" aria-controls=\"elementor-tab-content-1359\" aria-expanded=\"false\">\n\t\t\t\t\t\t\t\t\t\t\t\t\t<span class=\"elementor-accordion-icon elementor-accordion-icon-left\" aria-hidden=\"true\">\n\t\t\t\t\t\t\t\t\t\t\t\t\t\t\t<span class=\"elementor-accordion-icon-closed\"><i class=\"fas fa-plus\"><\/i><\/span>\n\t\t\t\t\t\t\t\t<span class=\"elementor-accordion-icon-opened\"><i class=\"fas fa-minus\"><\/i><\/span>\n\t\t\t\t\t\t\t\t\t\t\t\t\t\t<\/span>\n\t\t\t\t\t\t\t\t\t\t\t\t<a class=\"elementor-accordion-title\" tabindex=\"0\">Rutes saludables a la zona 01 \u2013 Centre Hist\u00f2ric (Lleida)<\/a>\n\t\t\t\t\t<\/div>\n\t\t\t\t\t<div id=\"elementor-tab-content-1359\" class=\"elementor-tab-content elementor-clearfix\" data-tab=\"9\" role=\"region\" aria-labelledby=\"elementor-tab-title-1359\"><ul><li><a href=\"https:\/\/contractaciopublica.cat\/ca\/detall-publicacio\/790cf05d-8e46-4373-a037-217a7d80895f\/200114323\" target=\"_blank\" rel=\"noopener\">Contracte mixte de subministrament i obra del projecte de rutes saludables a la Zona 01 (Centre Hist\u00f2ric) de Lleida (EXP. SUB_OBEA_2023_0102-NGEU).<\/a><\/li><\/ul><\/div>\n\t\t\t\t<\/div>\n\t\t\t\t\t\t\t<div class=\"elementor-accordion-item\">\n\t\t\t\t\t<div id=\"elementor-tab-title-13510\" class=\"elementor-tab-title\" data-tab=\"10\" role=\"button\" aria-controls=\"elementor-tab-content-13510\" aria-expanded=\"false\">\n\t\t\t\t\t\t\t\t\t\t\t\t\t<span class=\"elementor-accordion-icon elementor-accordion-icon-left\" aria-hidden=\"true\">\n\t\t\t\t\t\t\t\t\t\t\t\t\t\t\t<span class=\"elementor-accordion-icon-closed\"><i class=\"fas fa-plus\"><\/i><\/span>\n\t\t\t\t\t\t\t\t<span class=\"elementor-accordion-icon-opened\"><i class=\"fas fa-minus\"><\/i><\/span>\n\t\t\t\t\t\t\t\t\t\t\t\t\t\t<\/span>\n\t\t\t\t\t\t\t\t\t\t\t\t<a class=\"elementor-accordion-title\" tabindex=\"0\">Rehabilitaci\u00f3 energ\u00e8tica del Palau de Vidre de Lleida<\/a>\n\t\t\t\t\t<\/div>\n\t\t\t\t\t<div id=\"elementor-tab-content-13510\" class=\"elementor-tab-content elementor-clearfix\" data-tab=\"10\" role=\"region\" aria-labelledby=\"elementor-tab-title-13510\"><ul><li><a href=\"https:\/\/contractaciopublica.cat\/ca\/detall-publicacio\/5e884f98-e8b1-0957-2e05-2c815357102d\/113226148\" target=\"_blank\" rel=\"noopener\">Contracte mixte servei de redacci\u00f3 del projecte b\u00e0sic i execuci\u00f3 de l&#8217;obra per la rehabilitaci\u00f3 energ\u00e8tica del Palau de Vidre (OBR_OBE_2022_0016-NGEU)<\/a><\/li><\/ul><\/div>\n\t\t\t\t<\/div>\n\t\t\t\t\t\t\t<div class=\"elementor-accordion-item\">\n\t\t\t\t\t<div id=\"elementor-tab-title-13511\" class=\"elementor-tab-title\" data-tab=\"11\" role=\"button\" aria-controls=\"elementor-tab-content-13511\" aria-expanded=\"false\">\n\t\t\t\t\t\t\t\t\t\t\t\t\t<span class=\"elementor-accordion-icon elementor-accordion-icon-left\" aria-hidden=\"true\">\n\t\t\t\t\t\t\t\t\t\t\t\t\t\t\t<span class=\"elementor-accordion-icon-closed\"><i class=\"fas fa-plus\"><\/i><\/span>\n\t\t\t\t\t\t\t\t<span class=\"elementor-accordion-icon-opened\"><i class=\"fas fa-minus\"><\/i><\/span>\n\t\t\t\t\t\t\t\t\t\t\t\t\t\t<\/span>\n\t\t\t\t\t\t\t\t\t\t\t\t<a class=\"elementor-accordion-title\" tabindex=\"0\">Pla Educatiu d\u2019Entorn. Addenda 2022-2023 al conveni entre el Departament d\u2019Educaci\u00f3 i la Paeria<\/a>\n\t\t\t\t\t<\/div>\n\t\t\t\t\t<div id=\"elementor-tab-content-13511\" class=\"elementor-tab-content elementor-clearfix\" data-tab=\"11\" role=\"region\" aria-labelledby=\"elementor-tab-title-13511\"><ul><li><a href=\"https:\/\/contractaciopublica.cat\/ca\/detall-publicacio\/171d5757-546b-cada-accb-8d7ef29769e8\/114404508\" target=\"_blank\" rel=\"noopener\">Servei de mentoria socioeducativa (EXP. SER_OBEA_2022_0100-NGEU)<\/a><\/li><\/ul><\/div>\n\t\t\t\t<\/div>\n\t\t\t\t\t\t\t<div class=\"elementor-accordion-item\">\n\t\t\t\t\t<div id=\"elementor-tab-title-13512\" class=\"elementor-tab-title\" data-tab=\"12\" role=\"button\" aria-controls=\"elementor-tab-content-13512\" aria-expanded=\"false\">\n\t\t\t\t\t\t\t\t\t\t\t\t\t<span class=\"elementor-accordion-icon elementor-accordion-icon-left\" aria-hidden=\"true\">\n\t\t\t\t\t\t\t\t\t\t\t\t\t\t\t<span class=\"elementor-accordion-icon-closed\"><i class=\"fas fa-plus\"><\/i><\/span>\n\t\t\t\t\t\t\t\t<span class=\"elementor-accordion-icon-opened\"><i class=\"fas fa-minus\"><\/i><\/span>\n\t\t\t\t\t\t\t\t\t\t\t\t\t\t<\/span>\n\t\t\t\t\t\t\t\t\t\t\t\t<a class=\"elementor-accordion-title\" tabindex=\"0\">Pla Educatiu d\u2019Entorn. 2023-2024. Conveni entre el Departament d\u2019Educaci\u00f3 i la Paeria<\/a>\n\t\t\t\t\t<\/div>\n\t\t\t\t\t<div id=\"elementor-tab-content-13512\" class=\"elementor-tab-content elementor-clearfix\" data-tab=\"12\" role=\"region\" aria-labelledby=\"elementor-tab-title-13512\"><ul><li><a href=\"https:\/\/contractaciopublica.cat\/ca\/detall-publicacio\/171d5757-546b-cada-accb-8d7ef29769e8\/114404508\" target=\"_blank\" rel=\"noopener\">Servei de mentoria socioeducativa (EXP. SER_OBEA_2022_0100-NGEU)<\/a><\/li><li><a href=\"https:\/\/contractaciopublica.cat\/ca\/detall-publicacio\/300051020\" target=\"_blank\" rel=\"noopener\">Servei de &#8220;Tallers per a la promoci\u00f3 de les oportunitats educatives m\u00e9s enll\u00e0 de l&#8217;escola&#8221; als centres educatius d&#8217;educaci\u00f3 infantil, primaria i secund\u00e0ria &#8211; Pla de Millora d&#8217;Oportunitats Educatives (PMOE-PROA+) (SER_OBE_2023_0102-NGEU)<\/a>.<\/li><li><a href=\"https:\/\/contractaciopublica.cat\/ca\/detall-publicacio\/435baff3-0848-4bae-a919-bfdf4fcfa280\/300170017\" target=\"_blank\" rel=\"noopener\">Servei de Tallers de Suport i Acompanyament Educatiu diversificats (TSAE) als centres educatius d&#8217;educaci\u00f3 infantil, prim\u00e0ria i secund\u00e0ria &#8211; Pla de Millora d&#8217;Oportunitats Educatives (PMOE-PROA+) Pla Educatiu d&#8217;Entorn de Lleida Curs 2023\/2024 (EXP. SER_OBEA_2024_0103-NGEU)<\/a>.<ul><li><a href=\"https:\/\/contractaciopublica.cat\/ca\/detall-publicacio\/300206112\" target=\"_blank\" rel=\"noopener\">Publicacions agregades contracte menor 2n. trimestre 2024 (EXP. MEN_AGR_2024_0002).<\/a><\/li><\/ul><\/li><\/ul><\/div>\n\t\t\t\t<\/div>\n\t\t\t\t\t\t\t<div class=\"elementor-accordion-item\">\n\t\t\t\t\t<div id=\"elementor-tab-title-13513\" class=\"elementor-tab-title\" data-tab=\"13\" role=\"button\" aria-controls=\"elementor-tab-content-13513\" aria-expanded=\"false\">\n\t\t\t\t\t\t\t\t\t\t\t\t\t<span class=\"elementor-accordion-icon elementor-accordion-icon-left\" aria-hidden=\"true\">\n\t\t\t\t\t\t\t\t\t\t\t\t\t\t\t<span class=\"elementor-accordion-icon-closed\"><i class=\"fas fa-plus\"><\/i><\/span>\n\t\t\t\t\t\t\t\t<span class=\"elementor-accordion-icon-opened\"><i class=\"fas fa-minus\"><\/i><\/span>\n\t\t\t\t\t\t\t\t\t\t\t\t\t\t<\/span>\n\t\t\t\t\t\t\t\t\t\t\t\t<a class=\"elementor-accordion-title\" tabindex=\"0\">Drets Socials \u2013 L\u00ednia 6: Accessibilitat f\u00edsica i comunicativa en espais d\u2019atenci\u00f3 ciutadana<\/a>\n\t\t\t\t\t<\/div>\n\t\t\t\t\t<div id=\"elementor-tab-content-13513\" class=\"elementor-tab-content elementor-clearfix\" data-tab=\"13\" role=\"region\" aria-labelledby=\"elementor-tab-title-13513\"><ul><li style=\"list-style-type: none;\"><ul><li><a href=\"https:\/\/contractaciopublica.cat\/ca\/detall-publicacio\/200080567\" target=\"_blank\" rel=\"noopener\">Subministrament de materials per la millora de l&#8217;accessibilitat comunicativa a edificis municipals en el marc del PRTR amb els Fons NGEU (EXP. SUB_OBEA_2023_0101-NGEU)<\/a><\/li><\/ul><\/li><\/ul><p><!--<\/p>\n<li>Subministrament del material per a la millora de l\u2019accessibilitat del sistema de gesti\u00f3 torns de les oficines d\u2019atenci\u00f3 OMAC i OGAT de l\u2019Ajuntament de Lleida<\/li>\n<li>Servei de millora de l\u2019accessibilitat de la Seu Electr\u00f2nica i de la Carpeta Ciutadana de l\u2019Ajuntament de Lleida<\/li>\n<p>--><\/p><\/div>\n\t\t\t\t<\/div>\n\t\t\t\t\t\t\t<div class=\"elementor-accordion-item\">\n\t\t\t\t\t<div id=\"elementor-tab-title-13514\" class=\"elementor-tab-title\" data-tab=\"14\" role=\"button\" aria-controls=\"elementor-tab-content-13514\" aria-expanded=\"false\">\n\t\t\t\t\t\t\t\t\t\t\t\t\t<span class=\"elementor-accordion-icon elementor-accordion-icon-left\" aria-hidden=\"true\">\n\t\t\t\t\t\t\t\t\t\t\t\t\t\t\t<span class=\"elementor-accordion-icon-closed\"><i class=\"fas fa-plus\"><\/i><\/span>\n\t\t\t\t\t\t\t\t<span class=\"elementor-accordion-icon-opened\"><i class=\"fas fa-minus\"><\/i><\/span>\n\t\t\t\t\t\t\t\t\t\t\t\t\t\t<\/span>\n\t\t\t\t\t\t\t\t\t\t\t\t<a class=\"elementor-accordion-title\" tabindex=\"0\">Drets Socials \u2013 L\u00ednia 4: Projecte 4: Projecte pilot per a un nou model d\u2019atenci\u00f3 als Centres S\u00e8nior<\/a>\n\t\t\t\t\t<\/div>\n\t\t\t\t\t<div id=\"elementor-tab-content-13514\" class=\"elementor-tab-content elementor-clearfix\" data-tab=\"14\" role=\"region\" aria-labelledby=\"elementor-tab-title-13514\"><ul><li><a href=\"https:\/\/contractaciopublica.cat\/ca\/detall-publicacio\/102724594\" target=\"_blank\" rel=\"noopener\">Servei de dinamitzaci\u00f3 dels centres de S\u00e8niors a la ciutat de Lleida (EXP.SER_OBEA_2022_0009)<\/a><\/li><\/ul><\/div>\n\t\t\t\t<\/div>\n\t\t\t\t\t\t\t<div class=\"elementor-accordion-item\">\n\t\t\t\t\t<div id=\"elementor-tab-title-13515\" class=\"elementor-tab-title\" data-tab=\"15\" role=\"button\" aria-controls=\"elementor-tab-content-13515\" aria-expanded=\"false\">\n\t\t\t\t\t\t\t\t\t\t\t\t\t<span class=\"elementor-accordion-icon elementor-accordion-icon-left\" aria-hidden=\"true\">\n\t\t\t\t\t\t\t\t\t\t\t\t\t\t\t<span class=\"elementor-accordion-icon-closed\"><i class=\"fas fa-plus\"><\/i><\/span>\n\t\t\t\t\t\t\t\t<span class=\"elementor-accordion-icon-opened\"><i class=\"fas fa-minus\"><\/i><\/span>\n\t\t\t\t\t\t\t\t\t\t\t\t\t\t<\/span>\n\t\t\t\t\t\t\t\t\t\t\t\t<a class=\"elementor-accordion-title\" tabindex=\"0\">Projecte \u201cSecond Step, cap a la digitalitzaci\u00f3 inclusiva i sostenible de la ciutat de Lleida\u201d<\/a>\n\t\t\t\t\t<\/div>\n\t\t\t\t\t<div id=\"elementor-tab-content-13515\" class=\"elementor-tab-content elementor-clearfix\" data-tab=\"15\" role=\"region\" aria-labelledby=\"elementor-tab-title-13515\"><ul><li><a href=\"https:\/\/nextgeneration.paeria.cat\/web\/pdf\/licitacions\/plec-tecnic-balises-second-step.pdf\" target=\"_blank\" rel=\"noopener\">Prescripcions t\u00e8cniques de provisionament de balises de senyal\u00e8tica tur\u00edstica intel\u00b7ligent<\/a>.<\/li><li><a href=\"https:\/\/contractaciopublica.cat\/ca\/detall-publicacio\/200162245\" target=\"_blank\" rel=\"noopener\">Servei d&#8217;elaboraci\u00f3 dels continguts de les balises de senyalitzaci\u00f3 tur\u00edstica. Tramitaci\u00f3 ordin\u00e0ria mitjan\u00e7ant contracte menor amb publicitat al perfil del contractant (SER_MENP_TUR_2023_0002).<\/a><\/li><li><a href=\"https:\/\/contractaciopublica.cat\/ca\/detall-publicacio\/300126214\" target=\"_blank\" rel=\"noopener\">Servei de producci\u00f3 dels continguts de les balises de senyalitzaci\u00f3 tur\u00edstica, en format audio guia, seguint les especificacions del projecte Lleida Virtual Museum, dividit en lots (EXP. SER_OBE_TUR\/2024\/0001)<\/a>.<\/li><\/ul><\/div>\n\t\t\t\t<\/div>\n\t\t\t\t\t\t\t<div class=\"elementor-accordion-item\">\n\t\t\t\t\t<div id=\"elementor-tab-title-13516\" class=\"elementor-tab-title\" data-tab=\"16\" role=\"button\" aria-controls=\"elementor-tab-content-13516\" aria-expanded=\"false\">\n\t\t\t\t\t\t\t\t\t\t\t\t\t<span class=\"elementor-accordion-icon elementor-accordion-icon-left\" aria-hidden=\"true\">\n\t\t\t\t\t\t\t\t\t\t\t\t\t\t\t<span class=\"elementor-accordion-icon-closed\"><i class=\"fas fa-plus\"><\/i><\/span>\n\t\t\t\t\t\t\t\t<span class=\"elementor-accordion-icon-opened\"><i class=\"fas fa-minus\"><\/i><\/span>\n\t\t\t\t\t\t\t\t\t\t\t\t\t\t<\/span>\n\t\t\t\t\t\t\t\t\t\t\t\t<a class=\"elementor-accordion-title\" tabindex=\"0\">Compra a Lleida<\/a>\n\t\t\t\t\t<\/div>\n\t\t\t\t\t<div id=\"elementor-tab-content-13516\" class=\"elementor-tab-content elementor-clearfix\" data-tab=\"16\" role=\"region\" aria-labelledby=\"elementor-tab-title-13516\"><ul><li><a href=\"https:\/\/contractaciopublica.cat\/ca\/detall-publicacio\/c7b2cd9b-1b95-408f-9ec0-02aed0e6310f\/300128129\" target=\"_blank\" rel=\"noopener\">Contracte de subministrament de la instal\u00b7laci\u00f3 fotovoltaica per a l&#8217;autoconsum sobre la coberta del pavell\u00f3 Barris Nord (EXP. SUB_OBEA_2024_0101-NGEU).<\/a><\/li><li><a href=\"https:\/\/contractaciopublica.cat\/ca\/detall-publicacio\/d656a293-327b-42fd-bc07-a70b838bcbc2\/300157835\" target=\"_blank\" rel=\"noopener\">Contracte de servei de desenvolupament i implementaci\u00f3 d&#8217;un xatbot online basat en IA (EXP. SER_MENP_2024_0104-NGEU).<\/a><\/li><li><a href=\"https:\/\/contractaciopublica.cat\/ca\/detall-publicacio\/1260baab-1a70-466a-9d87-883458448c9a\/300168050\" target=\"_blank\" rel=\"noopener\">Contracte del servei de consultoria digital pel desenvolupament i implementaci\u00f3 d&#8217;una plataforma (App) de ciutat en modalitat SAAS (Software As A Service) (EXP. SER_MENP_2024_0103-NGEU)<\/a>.<\/li><li><a href=\"https:\/\/contractaciopublica.cat\/ca\/detall-publicacio\/08f8314f-24ef-4405-840c-721f901c5cc5\/300146871\" target=\"_blank\" rel=\"noopener\">Contracte de servei de consultoria per a la realitzaci\u00f3 de mentories per a la Transformaci\u00f3 Digital a Empreses del municipi de Lleida (EXP. SER_OBE_2024_0102-NGEU)<\/a>.<\/li><li><a href=\"https:\/\/contractaciopublica.cat\/ca\/detall-publicacio\/4c7edff6-dd86-4151-9833-7780e431470c\/300177944\" target=\"_blank\" rel=\"noopener\">Servei de consultoria per a la creaci\u00f3 i posada en marxa d&#8217;un Retail Lab (EXP. SER_OBE_2024_0103-NGEU)<\/a>.<\/li><li><a href=\"https:\/\/contractaciopublica.cat\/ca\/detall-publicacio\/e0a9ef5c-ad1d-4e4d-bf8f-a4bc616d979a\/300287143\" target=\"_blank\" rel=\"noopener\">Servei de comunicaci\u00f3 i publicitat de les actuacions del projecte &#8220;Compra a Lleida&#8221; (EXP. SER_MENP_2024_0106-NGEU)<\/a>.<\/li><li><a href=\"https:\/\/contractaciopublica.cat\/ca\/detall-publicacio\/f47811bc-d989-4b73-bb17-2ae74894a80a\/300299505\" target=\"_blank\" rel=\"noopener\">Servei de realitzaci\u00f3 d&#8217;auditories pr\u00e8vies d&#8217;efici\u00e8ncia energ\u00e8tica als comer\u00e7os participants en la comunitat energ\u00e8tica d&#8217;abast comercial de nova creaci\u00f3 (EXP. SER_MENP_2024_0105-NGEU)<\/a>.<\/li><li><a href=\"https:\/\/contractaciopublica.cat\/ca\/detall-publicacio\/16a02f28-7b97-4dc2-a0ff-c15225548de6\/300324535\" target=\"_blank\" rel=\"noopener\">Contracte de les obres del projecte d&#8217;ampliaci\u00f3 de l&#8217;espai per vianants a la Rambla Ferran, en 2 lots (EXP. OBR_OBE_2024_0004-NGEU)<\/a>.<\/li><li><a href=\"https:\/\/contractaciopublica.cat\/ca\/detall-publicacio\/eb0c1988-67b6-429b-97b6-e6b2d6b5ba99\/300312514\" target=\"_blank\" rel=\"noopener\">Contracte de servei d\u2019implantaci\u00f3 de solucions tecnol\u00f2giques per a la creaci\u00f3 i posada en marxa d\u2019un retail lab (SER_OBE_2024_0110-NGEU).<\/a><\/li><li><a href=\"https:\/\/contractaciopublica.cat\/ca\/detall-publicacio\/2bf4c742-be09-4e99-a580-74d7c5c7127c\/300341528\" target=\"_blank\" rel=\"noopener\">Contracte del servei d\u2019assist\u00e8ncia t\u00e8cnica per la realitzaci\u00f3 de tasques de dinamitzaci\u00f3 associades a la creaci\u00f3 d\u2019una comunitat energ\u00e8tica (SER_OBEA_2024_0104-NGEU).<\/a><\/li><li><a href=\"https:\/\/contractaciopublica.cat\/ca\/detall-publicacio\/ec97eef9-8c8a-485a-b099-b9bd1b9d1054\/300341544\" target=\"_blank\" rel=\"noopener\">Contracte de servei d&#8217;implantaci\u00f3 de solucions tecnol\u00f2giques per a la creaci\u00f3 i posada en marxa d&#8217;un Retail Lab (SER_OBEA_2024_0105-NGEU)<\/a>.<\/li><li><a href=\"https:\/\/contractaciopublica.cat\/ca\/detall-publicacio\/7385d9d2-1d4b-476d-bb6b-5aa38a0e64c2\/300225149\" target=\"_blank\" rel=\"noopener\">Contracte del servei de consultoria tecnol\u00f2gica per a la implementaci\u00f3 d&#8217;un sistema de Business Intelligence en modalitat SAAS (Software As A Service) per la millora del m\u00e0rqueting tur\u00edstic (SER_OBE_2024_0104-NGEU).<\/a><\/li><\/ul><p><strong>Contractes menors<\/strong><\/p><ul><li>Contracte de serveis per l&#8217;organitzaci\u00f3 de la jornada &#8220;Societat Digital: Eines i estrat\u00e8gies pel Comer\u00e7 i l&#8217;Hostaleria de Lleida&#8221;, dins de la tem\u00e0tica de Retail i Smart Cities (SER_MEND_2024_0102-NGEU).<\/li><li>Contracte de serveis per la intervenci\u00f3 del ponent Sr. Gen\u00eds Roca a la Jornada &#8220;Societat Digital: Eines i estrat\u00e8gies pel Comer\u00e7 i l&#8217;Hostaleria de Lleida&#8221; (SER_MEND_2024_0103_NGEU).<\/li><li>Contracte de servei de cessi\u00f3 d&#8217;espai, lloguer equips audiovisuals i hostesses per jornada &#8220;Societat Digital: Eines i estrat\u00e8gies pel Comer\u00e7 i l&#8217;Hostaleria de Lleida&#8221;, dins tem\u00e0tica de Retail i Smart Cities (SER_MEND_2024_0104_NGEU).<\/li><li>Contracte de servei de c\u00e0tering per l&#8217;organitzaci\u00f3 de la jornada &#8220;Societat Digital: Eines i estrat\u00e8gies pel Comer\u00e7 i l&#8217;Hostaleria de Lleida&#8221; (SER_MEND_2024_0105_NGEU).<\/li><li>Contracte de serveis per l\u2019organitzaci\u00f3 de la jornada \u201cCompra a Lleida: solucions innovadores aplicades al retail\u201d (SERMEND_2024_0107_NGEU_2aJornRetail).<\/li><li>Contracte menor de subministrament de senyals verticals, dins de la tem\u00e0tica de retail i smart cities (SUB_MENI_2024_0101-NGEU).<\/li><li>Contracte menor de subministrament de tanques tipus vianants i plaques de PVC (SUB_MENI_2024_0102-NGEU).<\/li><li>Contracte menor de subministrament de la llic\u00e8ncia del software per la gesti\u00f3 de l&#8217;aparcament intel\u00b7ligent de les c\u00e0rregues i desc\u00e0rregues (SUB_MEND_2024_0103_NGEU).<\/li><\/ul><\/div>\n\t\t\t\t<\/div>\n\t\t\t\t\t\t\t<div class=\"elementor-accordion-item\">\n\t\t\t\t\t<div id=\"elementor-tab-title-13517\" class=\"elementor-tab-title\" data-tab=\"17\" role=\"button\" aria-controls=\"elementor-tab-content-13517\" aria-expanded=\"false\">\n\t\t\t\t\t\t\t\t\t\t\t\t\t<span class=\"elementor-accordion-icon elementor-accordion-icon-left\" aria-hidden=\"true\">\n\t\t\t\t\t\t\t\t\t\t\t\t\t\t\t<span class=\"elementor-accordion-icon-closed\"><i class=\"fas fa-plus\"><\/i><\/span>\n\t\t\t\t\t\t\t\t<span class=\"elementor-accordion-icon-opened\"><i class=\"fas fa-minus\"><\/i><\/span>\n\t\t\t\t\t\t\t\t\t\t\t\t\t\t<\/span>\n\t\t\t\t\t\t\t\t\t\t\t\t<a class=\"elementor-accordion-title\" tabindex=\"0\">Actuacions per a l\u2019autoconsum i emmagatzematge amb fonts d\u2019energia renovable a sis edificis municipals<\/a>\n\t\t\t\t\t<\/div>\n\t\t\t\t\t<div id=\"elementor-tab-content-13517\" class=\"elementor-tab-content elementor-clearfix\" data-tab=\"17\" role=\"region\" aria-labelledby=\"elementor-tab-title-13517\"><ul><li><a href=\"https:\/\/contractaciopublica.cat\/ca\/detall-publicacio\/300310227\" target=\"_blank\" rel=\"noopener\">Contracte de subministrament i instal\u00b7laci\u00f3 fotovoltaica per a l&#8217;autoconsum, dividit en 2 lots (SUB_OBEA_2024_0102-NGEU).<\/a><\/li><\/ul><\/div>\n\t\t\t\t<\/div>\n\t\t\t\t\t\t\t<div class=\"elementor-accordion-item\">\n\t\t\t\t\t<div id=\"elementor-tab-title-13518\" class=\"elementor-tab-title\" data-tab=\"18\" role=\"button\" aria-controls=\"elementor-tab-content-13518\" aria-expanded=\"false\">\n\t\t\t\t\t\t\t\t\t\t\t\t\t<span class=\"elementor-accordion-icon elementor-accordion-icon-left\" aria-hidden=\"true\">\n\t\t\t\t\t\t\t\t\t\t\t\t\t\t\t<span class=\"elementor-accordion-icon-closed\"><i class=\"fas fa-plus\"><\/i><\/span>\n\t\t\t\t\t\t\t\t<span class=\"elementor-accordion-icon-opened\"><i class=\"fas fa-minus\"><\/i><\/span>\n\t\t\t\t\t\t\t\t\t\t\t\t\t\t<\/span>\n\t\t\t\t\t\t\t\t\t\t\t\t<a class=\"elementor-accordion-title\" tabindex=\"0\">Projecte de substituci\u00f3 del sistema de climatitzaci\u00f3 de la Regidoria d\u2019Educaci\u00f3<\/a>\n\t\t\t\t\t<\/div>\n\t\t\t\t\t<div id=\"elementor-tab-content-13518\" class=\"elementor-tab-content elementor-clearfix\" data-tab=\"18\" role=\"region\" aria-labelledby=\"elementor-tab-title-13518\"><ul><li><a href=\"https:\/\/contractaciopublica.cat\/ca\/detall-publicacio\/300386537\" target=\"_blank\" rel=\"noopener\">Contracte de subministrament i instal\u00b7laci\u00f3 dels equips per la substituci\u00f3 del sistema de climatitzaci\u00f3 de l&#8217;edifici del departament d&#8217;Educaci\u00f3 de l&#8217;Ajuntament de Lleida (EXP. SUB_OBE_2025_0101-NGEU)<\/a>.<\/li><\/ul><\/div>\n\t\t\t\t<\/div>\n\t\t\t\t\t\t\t<div class=\"elementor-accordion-item\">\n\t\t\t\t\t<div id=\"elementor-tab-title-13519\" class=\"elementor-tab-title\" data-tab=\"19\" role=\"button\" aria-controls=\"elementor-tab-content-13519\" aria-expanded=\"false\">\n\t\t\t\t\t\t\t\t\t\t\t\t\t<span class=\"elementor-accordion-icon elementor-accordion-icon-left\" aria-hidden=\"true\">\n\t\t\t\t\t\t\t\t\t\t\t\t\t\t\t<span class=\"elementor-accordion-icon-closed\"><i class=\"fas fa-plus\"><\/i><\/span>\n\t\t\t\t\t\t\t\t<span class=\"elementor-accordion-icon-opened\"><i class=\"fas fa-minus\"><\/i><\/span>\n\t\t\t\t\t\t\t\t\t\t\t\t\t\t<\/span>\n\t\t\t\t\t\t\t\t\t\t\t\t<a class=\"elementor-accordion-title\" tabindex=\"0\">Inversi\u00f3 en l\u2019equipament de climatitzaci\u00f3 per promoure l\u2019estalvi energ\u00e8tic de l\u2019Auditori Municipal Enric Granados<\/a>\n\t\t\t\t\t<\/div>\n\t\t\t\t\t<div id=\"elementor-tab-content-13519\" class=\"elementor-tab-content elementor-clearfix\" data-tab=\"19\" role=\"region\" aria-labelledby=\"elementor-tab-title-13519\"><ul><li><a href=\"https:\/\/seu.paeria.cat\/documentPublic\/download\/45746\" target=\"_blank\" rel=\"noopener\">Projecte per la millora de l&#8217;efici\u00e8ncia energ\u00e8tica dels sistemes de generaci\u00f3 de fred i calor a l&#8217;Auditori Enric Granados de Lleida<\/a>.<\/li><\/ul><\/div>\n\t\t\t\t<\/div>\n\t\t\t\t\t\t\t\t<\/div>\n\t\t\t\t\t\t<\/div>\n\t\t\t\t<\/div>\n\t\t\t\t\t<\/div>\n\t\t<\/div>\n\t\t\t\t\t<\/div>\n\t\t<\/section>\n\t\t\t\t<section class=\"elementor-section elementor-top-section elementor-element elementor-element-040ab84 elementor-section-boxed elementor-section-height-default elementor-section-height-default\" data-id=\"040ab84\" data-element_type=\"section\" data-e-type=\"section\">\n\t\t\t\t\t\t<div class=\"elementor-container elementor-column-gap-default\">\n\t\t\t\t\t<div class=\"elementor-column elementor-col-100 elementor-top-column elementor-element elementor-element-9d8485e\" data-id=\"9d8485e\" data-element_type=\"column\" data-e-type=\"column\">\n\t\t\t<div class=\"elementor-widget-wrap elementor-element-populated\">\n\t\t\t\t\t\t<div class=\"elementor-element elementor-element-ad52884 elementor-widget-divider--view-line elementor-widget elementor-widget-divider\" data-id=\"ad52884\" data-element_type=\"widget\" data-e-type=\"widget\" data-widget_type=\"divider.default\">\n\t\t\t\t<div class=\"elementor-widget-container\">\n\t\t\t\t\t\t\t<div class=\"elementor-divider\">\n\t\t\t<span class=\"elementor-divider-separator\">\n\t\t\t\t\t\t<\/span>\n\t\t<\/div>\n\t\t\t\t\t\t<\/div>\n\t\t\t\t<\/div>\n\t\t\t\t<div class=\"elementor-element elementor-element-41919bb elementor-widget elementor-widget-heading\" data-id=\"41919bb\" data-element_type=\"widget\" data-e-type=\"widget\" id=\"pv-licitacions\" data-widget_type=\"heading.default\">\n\t\t\t\t<div class=\"elementor-widget-container\">\n\t\t\t\t\t<h2 class=\"elementor-heading-title elementor-size-default\"><a href=\"https:\/\/nextgeneration.paeria.cat\/web\/projectes-next-generation-dorganismes-vinculats-a-la-paeria\/\">Projectes d'organismes vinculats a La Paeria - Ajuntament de Lleida<\/a><\/h2>\t\t\t\t<\/div>\n\t\t\t\t<\/div>\n\t\t\t\t\t<\/div>\n\t\t<\/div>\n\t\t\t\t\t<\/div>\n\t\t<\/section>\n\t\t\t\t<section class=\"elementor-section elementor-top-section elementor-element elementor-element-17ba127 elementor-section-boxed elementor-section-height-default elementor-section-height-default\" data-id=\"17ba127\" data-element_type=\"section\" data-e-type=\"section\">\n\t\t\t\t\t\t<div class=\"elementor-container elementor-column-gap-default\">\n\t\t\t\t\t<div class=\"elementor-column elementor-col-100 elementor-top-column elementor-element elementor-element-a3238f0\" data-id=\"a3238f0\" data-element_type=\"column\" data-e-type=\"column\">\n\t\t\t<div class=\"elementor-widget-wrap elementor-element-populated\">\n\t\t\t\t\t\t<div class=\"elementor-element elementor-element-3163ef8 elementor-widget elementor-widget-accordion\" data-id=\"3163ef8\" data-element_type=\"widget\" data-e-type=\"widget\" data-widget_type=\"accordion.default\">\n\t\t\t\t<div class=\"elementor-widget-container\">\n\t\t\t\t\t\t\t<div class=\"elementor-accordion\">\n\t\t\t\t\t\t\t<div class=\"elementor-accordion-item\">\n\t\t\t\t\t<div id=\"elementor-tab-title-5171\" class=\"elementor-tab-title\" data-tab=\"1\" role=\"button\" aria-controls=\"elementor-tab-content-5171\" aria-expanded=\"false\">\n\t\t\t\t\t\t\t\t\t\t\t\t\t<span class=\"elementor-accordion-icon elementor-accordion-icon-left\" aria-hidden=\"true\">\n\t\t\t\t\t\t\t\t\t\t\t\t\t\t\t<span class=\"elementor-accordion-icon-closed\"><i class=\"fas fa-plus\"><\/i><\/span>\n\t\t\t\t\t\t\t\t<span class=\"elementor-accordion-icon-opened\"><i class=\"fas fa-minus\"><\/i><\/span>\n\t\t\t\t\t\t\t\t\t\t\t\t\t\t<\/span>\n\t\t\t\t\t\t\t\t\t\t\t\t<a class=\"elementor-accordion-title\" tabindex=\"0\">Projecte de modernitzaci\u00f3, digitalitzaci\u00f3 i efici\u00e8ncia energ\u00e8tica de la Llotja de Lleida<\/a>\n\t\t\t\t\t<\/div>\n\t\t\t\t\t<div id=\"elementor-tab-content-5171\" class=\"elementor-tab-content elementor-clearfix\" data-tab=\"1\" role=\"region\" aria-labelledby=\"elementor-tab-title-5171\"><ul><li><a href=\"https:\/\/contractaciopublica.cat\/ca\/perfils-contractant\/detall\/29457873?categoria=0\" target=\"_blank\" rel=\"noopener\">Perfil del Contractant de La Llotja &#8211; Palau de Congressos.<\/a><\/li><\/ul><\/div>\n\t\t\t\t<\/div>\n\t\t\t\t\t\t\t<div class=\"elementor-accordion-item\">\n\t\t\t\t\t<div id=\"elementor-tab-title-5172\" class=\"elementor-tab-title\" data-tab=\"2\" role=\"button\" aria-controls=\"elementor-tab-content-5172\" aria-expanded=\"false\">\n\t\t\t\t\t\t\t\t\t\t\t\t\t<span class=\"elementor-accordion-icon elementor-accordion-icon-left\" aria-hidden=\"true\">\n\t\t\t\t\t\t\t\t\t\t\t\t\t\t\t<span class=\"elementor-accordion-icon-closed\"><i class=\"fas fa-plus\"><\/i><\/span>\n\t\t\t\t\t\t\t\t<span class=\"elementor-accordion-icon-opened\"><i class=\"fas fa-minus\"><\/i><\/span>\n\t\t\t\t\t\t\t\t\t\t\t\t\t\t<\/span>\n\t\t\t\t\t\t\t\t\t\t\t\t<a class=\"elementor-accordion-title\" tabindex=\"0\">Actuaci\u00f3 per a l\u2019autoconsum i emmagatzematge amb fonts d\u2019energia renovable per al complex de les piscines de Raimat<\/a>\n\t\t\t\t\t<\/div>\n\t\t\t\t\t<div id=\"elementor-tab-content-5172\" class=\"elementor-tab-content elementor-clearfix\" data-tab=\"2\" role=\"region\" aria-labelledby=\"elementor-tab-title-5172\"><ul><li><a href=\"https:\/\/contractaciopublica.cat\/es\/detall-publicacio\/200032338\" target=\"_blank\" rel=\"noopener\">Mem\u00f2ria per la instal\u00b7laci\u00f3 plaques fotovoltaiques a coberta del MAGATZEM municipal Raimat.<\/a><\/li><\/ul><\/div>\n\t\t\t\t<\/div>\n\t\t\t\t\t\t\t<div class=\"elementor-accordion-item\">\n\t\t\t\t\t<div id=\"elementor-tab-title-5173\" class=\"elementor-tab-title\" data-tab=\"3\" role=\"button\" aria-controls=\"elementor-tab-content-5173\" aria-expanded=\"false\">\n\t\t\t\t\t\t\t\t\t\t\t\t\t<span class=\"elementor-accordion-icon elementor-accordion-icon-left\" aria-hidden=\"true\">\n\t\t\t\t\t\t\t\t\t\t\t\t\t\t\t<span class=\"elementor-accordion-icon-closed\"><i class=\"fas fa-plus\"><\/i><\/span>\n\t\t\t\t\t\t\t\t<span class=\"elementor-accordion-icon-opened\"><i class=\"fas fa-minus\"><\/i><\/span>\n\t\t\t\t\t\t\t\t\t\t\t\t\t\t<\/span>\n\t\t\t\t\t\t\t\t\t\t\t\t<a class=\"elementor-accordion-title\" tabindex=\"0\">Projecte per crear comunitats energ\u00e8tiques a edificis de l\u2019EMAU amb participaci\u00f3 de poblaci\u00f3 vulnerable<\/a>\n\t\t\t\t\t<\/div>\n\t\t\t\t\t<div id=\"elementor-tab-content-5173\" class=\"elementor-tab-content elementor-clearfix\" data-tab=\"3\" role=\"region\" aria-labelledby=\"elementor-tab-title-5173\"><ul><li><a href=\"https:\/\/contractaciopublica.cat\/ca\/detall-publicacio\/900492e2-9e66-4dae-a133-389d662d14cc\/300633289\" target=\"_blank\" rel=\"noopener\">Obra instal\u00b7laci\u00f3 plaques fotovoltaiques edificis EMAU.<\/a><\/li><\/ul><\/div>\n\t\t\t\t<\/div>\n\t\t\t\t\t\t\t\t<\/div>\n\t\t\t\t\t\t<\/div>\n\t\t\t\t<\/div>\n\t\t\t\t\t<\/div>\n\t\t<\/div>\n\t\t\t\t\t<\/div>\n\t\t<\/section>\n\t\t\t\t<\/div>\n\t\t","protected":false},"excerpt":{"rendered":"<p>Inici Desc\u00e0rrega de materials Licitacions de projectes Next Generation Lleida Projectes de La Paeria &#8211; Ajuntament de Lleida Implantaci\u00f3 de Zones de Baixa Emissi\u00f3 (ZBE) i actuacions per a un canvi de model de ciutat a Lleida Actuaci\u00f3 1: Contracte mixt de subministrament i serveis de la monitoritzaci\u00f3 i control de Zona de Baixes Emissions &#8230; <a title=\"Licitacions de projectes Next Generation Lleida\" class=\"read-more\" href=\"https:\/\/nextgeneration.paeria.cat\/web\/licitacions\/\" aria-label=\"M\u00e9s informaci\u00f3 sobre Licitacions de projectes Next Generation Lleida\">Llegiu m\u00e9s<\/a><\/p>\n","protected":false},"author":2,"featured_media":0,"parent":0,"menu_order":0,"comment_status":"closed","ping_status":"closed","template":"","meta":{"_sitemap_exclude":false,"_sitemap_priority":"","_sitemap_frequency":"","footnotes":""},"class_list":["post-717","page","type-page","status-publish"],"yoast_head":"<!-- This site is optimized with the Yoast SEO plugin v27.5 - https:\/\/yoast.com\/product\/yoast-seo-wordpress\/ -->\n<title>Licitacions de projectes Next Generation Lleida - Next Generation Lleida - Propostes de projectes - La Paeria - Ajuntament de Lleida<\/title>\n<meta name=\"robots\" content=\"index, follow, max-snippet:-1, max-image-preview:large, max-video-preview:-1\" \/>\n<link rel=\"canonical\" href=\"https:\/\/nextgeneration.paeria.cat\/web\/licitacions\/\" \/>\n<meta property=\"og:locale\" content=\"ca_ES\" \/>\n<meta property=\"og:type\" content=\"article\" \/>\n<meta property=\"og:title\" content=\"Licitacions de projectes Next Generation Lleida - Next Generation Lleida - Propostes de projectes - La Paeria - Ajuntament de Lleida\" \/>\n<meta property=\"og:description\" content=\"Inici Desc\u00e0rrega de materials Licitacions de projectes Next Generation Lleida Projectes de La Paeria &#8211; Ajuntament de Lleida Implantaci\u00f3 de Zones de Baixa Emissi\u00f3 (ZBE) i actuacions per a un canvi de model de ciutat a Lleida Actuaci\u00f3 1: Contracte mixt de subministrament i serveis de la monitoritzaci\u00f3 i control de Zona de Baixes Emissions ... Llegiu m\u00e9s\" \/>\n<meta property=\"og:url\" content=\"https:\/\/nextgeneration.paeria.cat\/web\/licitacions\/\" \/>\n<meta property=\"og:site_name\" content=\"Next Generation Lleida - Propostes de projectes - La Paeria - Ajuntament de Lleida\" \/>\n<meta property=\"article:modified_time\" content=\"2025-12-03T13:50:13+00:00\" \/>\n<meta property=\"og:image\" content=\"https:\/\/nextgeneration.paeria.cat\/web\/wp-content\/uploads\/2021\/05\/li-color_15.png\" \/>\n<meta name=\"twitter:card\" content=\"summary_large_image\" \/>\n<meta name=\"twitter:label1\" content=\"Temps estimat de lectura\" \/>\n\t<meta name=\"twitter:data1\" content=\"16 minuts\" \/>\n<script type=\"application\/ld+json\" class=\"yoast-schema-graph\">{\"@context\":\"https:\\\/\\\/schema.org\",\"@graph\":[{\"@type\":\"WebPage\",\"@id\":\"https:\\\/\\\/nextgeneration.paeria.cat\\\/web\\\/licitacions\\\/\",\"url\":\"https:\\\/\\\/nextgeneration.paeria.cat\\\/web\\\/licitacions\\\/\",\"name\":\"Licitacions de projectes Next Generation Lleida - Next Generation Lleida - Propostes de projectes - La Paeria - Ajuntament de Lleida\",\"isPartOf\":{\"@id\":\"https:\\\/\\\/nextgeneration.paeria.cat\\\/web\\\/#website\"},\"primaryImageOfPage\":{\"@id\":\"https:\\\/\\\/nextgeneration.paeria.cat\\\/web\\\/licitacions\\\/#primaryimage\"},\"image\":{\"@id\":\"https:\\\/\\\/nextgeneration.paeria.cat\\\/web\\\/licitacions\\\/#primaryimage\"},\"thumbnailUrl\":\"https:\\\/\\\/nextgeneration.paeria.cat\\\/web\\\/wp-content\\\/uploads\\\/2021\\\/05\\\/li-color_15.png\",\"datePublished\":\"2021-05-10T13:05:10+00:00\",\"dateModified\":\"2025-12-03T13:50:13+00:00\",\"breadcrumb\":{\"@id\":\"https:\\\/\\\/nextgeneration.paeria.cat\\\/web\\\/licitacions\\\/#breadcrumb\"},\"inLanguage\":\"ca\",\"potentialAction\":[{\"@type\":\"ReadAction\",\"target\":[\"https:\\\/\\\/nextgeneration.paeria.cat\\\/web\\\/licitacions\\\/\"]}]},{\"@type\":\"ImageObject\",\"inLanguage\":\"ca\",\"@id\":\"https:\\\/\\\/nextgeneration.paeria.cat\\\/web\\\/licitacions\\\/#primaryimage\",\"url\":\"https:\\\/\\\/nextgeneration.paeria.cat\\\/web\\\/wp-content\\\/uploads\\\/2021\\\/05\\\/li-color_15.png\",\"contentUrl\":\"https:\\\/\\\/nextgeneration.paeria.cat\\\/web\\\/wp-content\\\/uploads\\\/2021\\\/05\\\/li-color_15.png\",\"width\":8,\"height\":19},{\"@type\":\"BreadcrumbList\",\"@id\":\"https:\\\/\\\/nextgeneration.paeria.cat\\\/web\\\/licitacions\\\/#breadcrumb\",\"itemListElement\":[{\"@type\":\"ListItem\",\"position\":1,\"name\":\"Inici\",\"item\":\"https:\\\/\\\/nextgeneration.paeria.cat\\\/web\\\/\"},{\"@type\":\"ListItem\",\"position\":2,\"name\":\"Licitacions de projectes Next Generation Lleida\"}]},{\"@type\":\"WebSite\",\"@id\":\"https:\\\/\\\/nextgeneration.paeria.cat\\\/web\\\/#website\",\"url\":\"https:\\\/\\\/nextgeneration.paeria.cat\\\/web\\\/\",\"name\":\"Next Generation Lleida - Propostes de projectes - La Paeria - Ajuntament de Lleida\",\"description\":\"\",\"publisher\":{\"@id\":\"https:\\\/\\\/nextgeneration.paeria.cat\\\/web\\\/#organization\"},\"potentialAction\":[{\"@type\":\"SearchAction\",\"target\":{\"@type\":\"EntryPoint\",\"urlTemplate\":\"https:\\\/\\\/nextgeneration.paeria.cat\\\/web\\\/?s={search_term_string}\"},\"query-input\":{\"@type\":\"PropertyValueSpecification\",\"valueRequired\":true,\"valueName\":\"search_term_string\"}}],\"inLanguage\":\"ca\"},{\"@type\":\"Organization\",\"@id\":\"https:\\\/\\\/nextgeneration.paeria.cat\\\/web\\\/#organization\",\"name\":\"Next Generation Lleida - Propostes de projectes - La Paeria - Ajuntament de Lleida\",\"url\":\"https:\\\/\\\/nextgeneration.paeria.cat\\\/web\\\/\",\"logo\":{\"@type\":\"ImageObject\",\"inLanguage\":\"ca\",\"@id\":\"https:\\\/\\\/nextgeneration.paeria.cat\\\/web\\\/#\\\/schema\\\/logo\\\/image\\\/\",\"url\":\"https:\\\/\\\/nextgeneration.paeria.cat\\\/web\\\/wp-content\\\/uploads\\\/2023\\\/09\\\/cropped-titol.png\",\"contentUrl\":\"https:\\\/\\\/nextgeneration.paeria.cat\\\/web\\\/wp-content\\\/uploads\\\/2023\\\/09\\\/cropped-titol.png\",\"width\":1100,\"height\":220,\"caption\":\"Next Generation Lleida - Propostes de projectes - La Paeria - Ajuntament de Lleida\"},\"image\":{\"@id\":\"https:\\\/\\\/nextgeneration.paeria.cat\\\/web\\\/#\\\/schema\\\/logo\\\/image\\\/\"}}]}<\/script>\n<!-- \/ Yoast SEO plugin. -->","yoast_head_json":{"title":"Licitacions de projectes Next Generation Lleida - Next Generation Lleida - Propostes de projectes - La Paeria - Ajuntament de Lleida","robots":{"index":"index","follow":"follow","max-snippet":"max-snippet:-1","max-image-preview":"max-image-preview:large","max-video-preview":"max-video-preview:-1"},"canonical":"https:\/\/nextgeneration.paeria.cat\/web\/licitacions\/","og_locale":"ca_ES","og_type":"article","og_title":"Licitacions de projectes Next Generation Lleida - Next Generation Lleida - Propostes de projectes - La Paeria - Ajuntament de Lleida","og_description":"Inici Desc\u00e0rrega de materials Licitacions de projectes Next Generation Lleida Projectes de La Paeria &#8211; Ajuntament de Lleida Implantaci\u00f3 de Zones de Baixa Emissi\u00f3 (ZBE) i actuacions per a un canvi de model de ciutat a Lleida Actuaci\u00f3 1: Contracte mixt de subministrament i serveis de la monitoritzaci\u00f3 i control de Zona de Baixes Emissions ... Llegiu m\u00e9s","og_url":"https:\/\/nextgeneration.paeria.cat\/web\/licitacions\/","og_site_name":"Next Generation Lleida - Propostes de projectes - La Paeria - Ajuntament de Lleida","article_modified_time":"2025-12-03T13:50:13+00:00","og_image":[{"url":"https:\/\/nextgeneration.paeria.cat\/web\/wp-content\/uploads\/2021\/05\/li-color_15.png","type":"","width":"","height":""}],"twitter_card":"summary_large_image","twitter_misc":{"Temps estimat de lectura":"16 minuts"},"schema":{"@context":"https:\/\/schema.org","@graph":[{"@type":"WebPage","@id":"https:\/\/nextgeneration.paeria.cat\/web\/licitacions\/","url":"https:\/\/nextgeneration.paeria.cat\/web\/licitacions\/","name":"Licitacions de projectes Next Generation Lleida - Next Generation Lleida - Propostes de projectes - La Paeria - Ajuntament de Lleida","isPartOf":{"@id":"https:\/\/nextgeneration.paeria.cat\/web\/#website"},"primaryImageOfPage":{"@id":"https:\/\/nextgeneration.paeria.cat\/web\/licitacions\/#primaryimage"},"image":{"@id":"https:\/\/nextgeneration.paeria.cat\/web\/licitacions\/#primaryimage"},"thumbnailUrl":"https:\/\/nextgeneration.paeria.cat\/web\/wp-content\/uploads\/2021\/05\/li-color_15.png","datePublished":"2021-05-10T13:05:10+00:00","dateModified":"2025-12-03T13:50:13+00:00","breadcrumb":{"@id":"https:\/\/nextgeneration.paeria.cat\/web\/licitacions\/#breadcrumb"},"inLanguage":"ca","potentialAction":[{"@type":"ReadAction","target":["https:\/\/nextgeneration.paeria.cat\/web\/licitacions\/"]}]},{"@type":"ImageObject","inLanguage":"ca","@id":"https:\/\/nextgeneration.paeria.cat\/web\/licitacions\/#primaryimage","url":"https:\/\/nextgeneration.paeria.cat\/web\/wp-content\/uploads\/2021\/05\/li-color_15.png","contentUrl":"https:\/\/nextgeneration.paeria.cat\/web\/wp-content\/uploads\/2021\/05\/li-color_15.png","width":8,"height":19},{"@type":"BreadcrumbList","@id":"https:\/\/nextgeneration.paeria.cat\/web\/licitacions\/#breadcrumb","itemListElement":[{"@type":"ListItem","position":1,"name":"Inici","item":"https:\/\/nextgeneration.paeria.cat\/web\/"},{"@type":"ListItem","position":2,"name":"Licitacions de projectes Next Generation Lleida"}]},{"@type":"WebSite","@id":"https:\/\/nextgeneration.paeria.cat\/web\/#website","url":"https:\/\/nextgeneration.paeria.cat\/web\/","name":"Next Generation Lleida - Propostes de projectes - La Paeria - Ajuntament de Lleida","description":"","publisher":{"@id":"https:\/\/nextgeneration.paeria.cat\/web\/#organization"},"potentialAction":[{"@type":"SearchAction","target":{"@type":"EntryPoint","urlTemplate":"https:\/\/nextgeneration.paeria.cat\/web\/?s={search_term_string}"},"query-input":{"@type":"PropertyValueSpecification","valueRequired":true,"valueName":"search_term_string"}}],"inLanguage":"ca"},{"@type":"Organization","@id":"https:\/\/nextgeneration.paeria.cat\/web\/#organization","name":"Next Generation Lleida - Propostes de projectes - La Paeria - Ajuntament de Lleida","url":"https:\/\/nextgeneration.paeria.cat\/web\/","logo":{"@type":"ImageObject","inLanguage":"ca","@id":"https:\/\/nextgeneration.paeria.cat\/web\/#\/schema\/logo\/image\/","url":"https:\/\/nextgeneration.paeria.cat\/web\/wp-content\/uploads\/2023\/09\/cropped-titol.png","contentUrl":"https:\/\/nextgeneration.paeria.cat\/web\/wp-content\/uploads\/2023\/09\/cropped-titol.png","width":1100,"height":220,"caption":"Next Generation Lleida - Propostes de projectes - La Paeria - Ajuntament de Lleida"},"image":{"@id":"https:\/\/nextgeneration.paeria.cat\/web\/#\/schema\/logo\/image\/"}}]}},"_links":{"self":[{"href":"https:\/\/nextgeneration.paeria.cat\/web\/wp-json\/wp\/v2\/pages\/717","targetHints":{"allow":["GET"]}}],"collection":[{"href":"https:\/\/nextgeneration.paeria.cat\/web\/wp-json\/wp\/v2\/pages"}],"about":[{"href":"https:\/\/nextgeneration.paeria.cat\/web\/wp-json\/wp\/v2\/types\/page"}],"author":[{"embeddable":true,"href":"https:\/\/nextgeneration.paeria.cat\/web\/wp-json\/wp\/v2\/users\/2"}],"replies":[{"embeddable":true,"href":"https:\/\/nextgeneration.paeria.cat\/web\/wp-json\/wp\/v2\/comments?post=717"}],"version-history":[{"count":289,"href":"https:\/\/nextgeneration.paeria.cat\/web\/wp-json\/wp\/v2\/pages\/717\/revisions"}],"predecessor-version":[{"id":8282,"href":"https:\/\/nextgeneration.paeria.cat\/web\/wp-json\/wp\/v2\/pages\/717\/revisions\/8282"}],"wp:attachment":[{"href":"https:\/\/nextgeneration.paeria.cat\/web\/wp-json\/wp\/v2\/media?parent=717"}],"curies":[{"name":"wp","href":"https:\/\/api.w.org\/{rel}","templated":true}]}}